{"id":33056,"date":"2023-03-15T11:56:02","date_gmt":"2023-03-15T10:56:02","guid":{"rendered":"https:\/\/plasticodyssey.org\/expedicion\/escalas\/brasil\/"},"modified":"2024-06-24T11:09:50","modified_gmt":"2024-06-24T09:09:50","slug":"brasil","status":"publish","type":"page","link":"https:\/\/plasticodyssey.org\/es\/expedicion\/escalas\/brasil\/","title":{"rendered":"Brasil"},"content":{"rendered":"<div class=\"wpb-content-wrapper\"><p>[vc_row css_animation=\u00bb\u00bb row_type=\u00bbrow\u00bb use_row_as_full_screen_section=\u00bbno\u00bb type=\u00bbgrid\u00bb angled_section=\u00bbno\u00bb text_align=\u00bbleft\u00bb background_image_as_pattern=\u00bbwithout_pattern\u00bb background_image=\u00bb29303&#8243; el_class=\u00bbsk_headpage_escales sk_passe_tag_headpage sk_bg_bottom\u00bb z_index=\u00bb\u00bb][vc_column css_animation=\u00bbfadeIn\u00bb el_class=\u00bbtablet_fullwidth\u00bb][vc_column_text el_class=\u00bbwhite\u00bb]<\/p>\n<h1><span class=\"sk_highlight_red\">Escala en Brasil \ud83c\udde7\ud83c\uddf7<\/span><\/h1>\n<ul>\n<li>Escala 8<\/li>\n<li>Terminal Mar\u00edtimo de Passageiros Nelcy da Silva Campos<\/li>\n<li>Del 27 de abril al 24 de mayo de 2023<\/li>\n<\/ul>\n<p>[\/vc_column_text][\/vc_column][\/vc_row][vc_row css_animation=\u00bb\u00bb row_type=\u00bbrow\u00bb use_row_as_full_screen_section=\u00bbno\u00bb type=\u00bbfull_width\u00bb angled_section=\u00bbno\u00bb text_align=\u00bbleft\u00bb background_image_as_pattern=\u00bbwithout_pattern\u00bb z_index=\u00bb\u00bb el_class=\u00bbsk_nav_escales\u00bb][vc_column el_class=\u00bbsk_nav_escales_position\u00bb][vc_raw_html]PGg0Pgo8YSBocmVmPSIvZXMvZXhwZWRpY2lvbi9lc2NhbGFzL2NhYm8tdmVyZGUvIj4KPGkgY2xhc3M9ImZhIGZhLWFuZ2xlLWxlZnQgc2tfZXNjYWxlX3ByZXYiPjwvaT4KPC9hPgpFc2NhbGEgOAo8YSBocmVmPSIvZXMvZXhwZWRpY2lvbi9lc2NhbGFzL2d1YXlhbmEtZnJhbmNlc2EvIj4KPGkgY2xhc3M9ImZhIGZhLWFuZ2xlLXJpZ2h0IHNrX2VzY2FsZV9uZXh0Ij48L2k+CjwvYT4KPC9oND4=[\/vc_raw_html][\/vc_column][\/vc_row][vc_row css_animation=\u00bb\u00bb row_type=\u00bbrow\u00bb use_row_as_full_screen_section=\u00bbno\u00bb type=\u00bbgrid\u00bb angled_section=\u00bbno\u00bb text_align=\u00bbleft\u00bb background_image_as_pattern=\u00bbwithout_pattern\u00bb z_index=\u00bb\u00bb el_class=\u00bbpt6&#8243;][vc_column css_animation=\u00bbnone\u00bb width=\u00bb5\/6&#8243; el_class=\u00bbtablet_fullwidth\u00bb][vc_column_text]<\/p>\n<h2>Recife, octava escala de Plastic Odyssey<\/h2>\n<p>Brasil, un continente con m\u00e1s de 214 millones de habitantes, se ha visto duramente afectado por la contaminaci\u00f3n pl\u00e1stica. Aqu\u00ed no hay l\u00edmites.<\/p>\n<p>Tras las costas del Mediterr\u00e1neo, \u00c1frica Occidental y una <a href=\"https:\/\/youtu.be\/kN-QQl6wA_c\" target=\"_blank\" rel=\"noopener\">traves\u00eda transatl\u00e1ntica<\/a>, esta primera escala en el hemisferio sur, en un pa\u00eds clasificado como cuarto productor mundial de pl\u00e1stico, marc\u00f3 oficialmente el inicio de la segunda fase de la expedici\u00f3n Plastic Odyssey: <strong>Misi\u00f3n Am\u00e9rica Latina y Pac\u00edfico<\/strong>.<\/p>\n<p>Al igual que Brasil, lleno de <strong>movimiento y color<\/strong>, las actividades a bordo del barco fueron intensas durante toda la estancia. <a href=\"\/en\/awareness-plastic-pollution-brazil\/\">M\u00e1s de 300 ni\u00f1os de or\u00edgenes muy diversos<\/a> vino a visitar el barco, <a href=\"\/es\/soluciones\/nomadic-expo\/\">la exposici\u00f3n Ba\u00fales de Tesoros<\/a> ha llegado a un nuevo p\u00fablico en el espacio cultural de <strong>Casa Zero en Recife<\/strong>, nuevos moldes (para fabricar <a href=\"\/en\/recycling-economy-in-recife\/\">baldosas de pl\u00e1stico reciclado<\/a> en el taller de reciclaje a bordo) se han dise\u00f1ado en colaboraci\u00f3n con un fabricante local. <strong>Madeira-Plastica<\/strong> (pl\u00e1stico-madera), un material innovador que promete avanzar mucho en el cat\u00e1logo de iniciativas sobre el terreno.<\/p>\n<p>La <a href=\"https:\/\/plasticodyssey.org\/onboard-laboratory-recife-bresil\/\">\u00faltima sesi\u00f3n del OnBoard Laboratory<\/a>, que acogi\u00f3 a una decena de empresarios e instituciones brasile\u00f1as, fue c\u00e1lida y din\u00e1mica en t\u00e9rminos de <strong>cooperaci\u00f3n<\/strong>. Reuni\u00f3 a un <strong>gran n\u00famero de interesados en el reciclaje<\/strong>, lo que demuestra que la gesti\u00f3n de residuos sigue siendo una tarea compleja en un territorio tan extenso y densamente poblado, sobre todo en las zonas urbanas de Brasil.<\/p>\n<p>Al principio, la barrera ling\u00fc\u00edstica pod\u00eda parecer EL principal obst\u00e1culo para el buen funcionamiento de la escala, pero al final result\u00f3 ser su mayor baza. La inestimable ayuda de los voluntarios, unida a la incomparable hospitalidad de los brasile\u00f1os, nos permiti\u00f3 <strong>sumergirnos<\/strong> en el pa\u00eds y <strong>conocer a fondo<\/strong> su funcionamiento, sobre todo en materia de gesti\u00f3n de residuos.[\/vc_column_text][\/vc_column][vc_column css_animation=\u00bbfadeIn\u00bb el_class=\u00bbsk_escale_article mt4&#8243;]\n<div class='latest_post_holder boxes two_columns three_rows' >\n    <ul>\n        <\/ul>\n<\/div>[\/vc_column][vc_column el_class=\u00bbpt2 sk_nodisplay\u00bb][vc_column_text el_class=\u00bbpb3&#8243;]<\/p>\n<h2>Principales cifras<\/h2>\n<p>[\/vc_column_text][qode_elements_holder number_of_columns=\u00bbthree_columns\u00bb custom_class=\u00bbsk_counter_grey align_center\u00bb][qode_elements_holder_item vertical_alignment=\u00bbtop\u00bb advanced_animations=\u00bbno\u00bb item_padding=\u00bb0 5px 0px 0&#8243; item_padding_600_768=\u00bb0 0 10px 0&#8243; item_padding_480_600=\u00bb0 0 10px 0&#8243; item_padding_480=\u00bb0 0 10px 0&#8243;]<div class=\"q_counter_holder  center\" style=\"\" data-digit=\"5\"><span class=\"counter  zero\" style=\"font-weight: 600;\">5<\/span><span class=\"separator small\" style=\"background-color: #1d1e3a;\"><\/span><p class=\"counter_text\" style=\"font-weight: 600;\">talleres organizados<\/p><\/div>[vc_column_text el_class=\u00bbsk_box_grey p3&#8243;]5 talleres por sector de actividad para estudiar la valorizaci\u00f3n de sus residuos o la utilizaci\u00f3n de nuevos productos (distribuci\u00f3n de supermercados, hosteler\u00eda y turismo, construcci\u00f3n y obras p\u00fablicas, sector mar\u00edtimo, sector p\u00fablico e institucional).[\/vc_column_text][\/qode_elements_holder_item][qode_elements_holder_item vertical_alignment=\u00bbtop\u00bb advanced_animations=\u00bbno\u00bb item_padding=\u00bb0 5px\u00bb item_padding_600_768=\u00bb0 0 10px 0&#8243; item_padding_480_600=\u00bb0 0 10px 0&#8243; item_padding_480=\u00bb0 0 10px 0&#8243;]<div class=\"q_counter_holder  center\" style=\"\" data-digit=\"700\"><span class=\"counter  zero\" style=\"font-weight: 600;\">700<\/span><span class=\"separator small\" style=\"background-color: #1d1e3a;\"><\/span><p class=\"counter_text\" style=\"font-weight: 600;\">visitantes de la exposici\u00f3n<\/p><\/div>[vc_column_text el_class=\u00bbsk_box_grey p3&#8243;]700 visitantes a la exposici\u00f3n \u00abBa\u00fales de Tesoros\u00bb en el centro cultural de Mindelo: \u00a1una primicia en t\u00e9rminos de asistencia![\/vc_column_text][\/qode_elements_holder_item][qode_elements_holder_item vertical_alignment=\u00bbtop\u00bb advanced_animations=\u00bbno\u00bb item_padding=\u00bb0 0 0px 5px\u00bb item_padding_600_768=\u00bb0 0 0 0&#8243; item_padding_480_600=\u00bb0 0 0 0&#8243; item_padding_480=\u00bb0 0 0 0&#8243;]<div class=\"q_counter_holder  center\" style=\"\" data-digit=\"25\"><span class=\"counter  zero\" style=\"font-weight: 600;\">25<\/span><span class=\"separator small\" style=\"background-color: #1d1e3a;\"><\/span><p class=\"counter_text\" style=\"font-weight: 600;\">exploradores en una isla desierta<\/p><\/div>[vc_column_text el_class=\u00bbsk_box_grey p3&#8243;]25 exploradores desembarcaron en la isla desierta de Santa Luzia para comprobar el alcance de los da\u00f1os causados por la contaminaci\u00f3n marina por pl\u00e1sticos en este ecosistema, crucial para la reproducci\u00f3n de las tortugas marinas.[\/vc_column_text][\/qode_elements_holder_item][\/qode_elements_holder][\/vc_column][vc_column width=\u00bb5\/6&#8243; el_class=\u00bbsk_nodisplay tablet_fullwidth\u00bb][vc_column_text el_class=\u00bbpt6&#8243;]<\/p>\n<h2>\u00bfQu\u00e9 podemos aprender de esta escala?<\/h2>\n<p>El acceso a los recursos y la fuerte demanda de materiales de construcci\u00f3n presentan numerosas oportunidades para el desarrollo del reciclado de pl\u00e1sticos. Los empresarios, instituciones, fabricantes y asociaciones acogidos durante el OnBoard Laboratory mostraron un gran optimismo sobre el desarrollo del sector y un verdadero deseo de trabajar juntos.<\/p>\n<p>En el frente de la reducci\u00f3n, pudimos conocer a algunos portadores de iniciativas especialmente inspiradoras, que utilizan sistemas de trenzado y ganchillo con virtuosismo. Estos descubrimientos se a\u00f1adir\u00e1n ahora a los Ba\u00fales de Tesoros de la exposici\u00f3n, que tuvo un gran \u00e9xito durante las 2 semanas que permaneci\u00f3 en el centro cultural de Mindelo.<\/p>\n<p>Antes de pasar a otro continente, y como \u00faltima parada de nuestra escala, fuimos a la isla desierta de Santa Luzia, donde las tortugas marinas acuden a desovar. Deshabitado pero lleno de residuos marinos, la necesidad de preservar este ecosistema es a\u00fan m\u00e1s importante. Junto con la asociaci\u00f3n Biosfera y la empresa SCE, documentamos y recogimos los residuos esparcidos por los vientos en la isla. Fue una experiencia que reforz\u00f3 nuestra determinaci\u00f3n de preservar la biodiversidad del archipi\u00e9lago y la belleza de sus ecosistemas marinos.[\/vc_column_text][\/vc_column][vc_column el_class=\u00bbalign_center mt6 p3 sk_box_grey\u00bb css=\u00bb.vc_custom_1686923992881{padding-right: 0px !important;padding-left: 0px !important;}\u00bb][qode_elements_holder number_of_columns=\u00bbtwo_columns\u00bb columns_proportion=\u00bb33_66&#8243;][qode_elements_holder_item advanced_animations=\u00bbno\u00bb item_padding=\u00bb40px\u00bb item_padding_600_768=\u00bb40px 0 0&#8243; item_padding_480_600=\u00bb40px 0 0&#8243; item_padding_480=\u00bb40px 0 0&#8243;][vc_column_text]<\/p>\n<h3>Serie web &#8211; Episodio 3<\/h3>\n<p>Descubra el tercer episodio de la serie web producida en colaboraci\u00f3n con Les \u00c9claireurs.<\/p>\n<p><em>Dirigida por <a href=\"https:\/\/lookaroundyou.ca\/\" target=\"_blank\" rel=\"noopener\">Valentin Proult<\/a><\/em>[\/vc_column_text]<a  itemprop=\"url\" href=\"https:\/\/www.youtube.com\/@PlasticOdyssey\/videos\" target=\"_blank\"  class=\"qbutton  default cta_white_bg_2\" style=\"\">M\u00e1s v\u00eddeos<\/a>[\/qode_elements_holder_item][qode_elements_holder_item advanced_animations=\u00bbno\u00bb][vc_video link=\u00bbhttps:\/\/youtu.be\/kUpmwxTOBF0&#8243;][\/qode_elements_holder_item][\/qode_elements_holder][\/vc_column][\/vc_row][vc_row css_animation=\u00bb\u00bb row_type=\u00bbrow\u00bb use_row_as_full_screen_section=\u00bbno\u00bb type=\u00bbfull_width\u00bb angled_section=\u00bbno\u00bb text_align=\u00bbleft\u00bb background_image_as_pattern=\u00bbwithout_pattern\u00bb z_index=\u00bb\u00bb el_class=\u00bbpt6 sk_fullwidth_gallery\u00bb][vc_column el_class=\u00bbalign_center\u00bb][vc_column_text el_class=\u00bbpb3&#8243;]<\/p>\n<h2>Galer\u00eda de fotos<\/h2>\n<p>[\/vc_column_text]<div class=\"qode-advanced-image-gallery  qode-aig-grid-type qode-tiny-space   \">\n\t<div class=\"qode-aig-inner qode-outer-space qode-aig-grid qode-aig-three-columns\">\n\t\t\t\t\t<div class=\"qode-aig-image qode-item-space\">\n\t\t\t\t<div class=\"qode-aig-image-inner\">\n\t\t\t\t\t\t\t\t\t\t\t<img loading=\"lazy\" decoding=\"async\" width=\"1344\" height=\"756\" src=\"https:\/\/plasticodyssey.org\/wp-content\/uploads\/2023\/06\/Catadores-recife.jpg\" class=\"attachment-full size-full\" alt=\"\" srcset=\"https:\/\/plasticodyssey.org\/wp-content\/uploads\/2023\/06\/Catadores-recife.jpg 1344w, https:\/\/plasticodyssey.org\/wp-content\/uploads\/2023\/06\/Catadores-recife-300x169.jpg 300w, https:\/\/plasticodyssey.org\/wp-content\/uploads\/2023\/06\/Catadores-recife-1024x576.jpg 1024w, https:\/\/plasticodyssey.org\/wp-content\/uploads\/2023\/06\/Catadores-recife-768x432.jpg 768w, https:\/\/plasticodyssey.org\/wp-content\/uploads\/2023\/06\/Catadores-recife-700x394.jpg 700w, https:\/\/plasticodyssey.org\/wp-content\/uploads\/2023\/06\/Catadores-recife-539x303.jpg 539w\" sizes=\"auto, (max-width: 1344px) 100vw, 1344px\" \/>\t\t\t\t\t\t<span class=\"aig-gallery-hover\">\n\t\t\t\t\t\t\t\t\t\t\t\t\t<\/span>\n\t\t\t\t\t\t\t\t\t<\/div>\n\t\t\t<\/div>\n\t\t\t\t\t\t\t\t<div class=\"qode-aig-image qode-item-space\">\n\t\t\t\t<div class=\"qode-aig-image-inner\">\n\t\t\t\t\t\t\t\t\t\t\t<img loading=\"lazy\" decoding=\"async\" width=\"1920\" height=\"1080\" src=\"https:\/\/plasticodyssey.org\/wp-content\/uploads\/2023\/06\/tuiles-toit-maison-plastique-recycle.jpg\" class=\"attachment-full size-full\" alt=\"\" srcset=\"https:\/\/plasticodyssey.org\/wp-content\/uploads\/2023\/06\/tuiles-toit-maison-plastique-recycle.jpg 1920w, https:\/\/plasticodyssey.org\/wp-content\/uploads\/2023\/06\/tuiles-toit-maison-plastique-recycle-300x169.jpg 300w, https:\/\/plasticodyssey.org\/wp-content\/uploads\/2023\/06\/tuiles-toit-maison-plastique-recycle-1024x576.jpg 1024w, https:\/\/plasticodyssey.org\/wp-content\/uploads\/2023\/06\/tuiles-toit-maison-plastique-recycle-768x432.jpg 768w, https:\/\/plasticodyssey.org\/wp-content\/uploads\/2023\/06\/tuiles-toit-maison-plastique-recycle-1536x864.jpg 1536w, https:\/\/plasticodyssey.org\/wp-content\/uploads\/2023\/06\/tuiles-toit-maison-plastique-recycle-700x394.jpg 700w, https:\/\/plasticodyssey.org\/wp-content\/uploads\/2023\/06\/tuiles-toit-maison-plastique-recycle-539x303.jpg 539w\" sizes=\"auto, (max-width: 1920px) 100vw, 1920px\" \/>\t\t\t\t\t\t<span class=\"aig-gallery-hover\">\n\t\t\t\t\t\t\t\t\t\t\t\t\t<\/span>\n\t\t\t\t\t\t\t\t\t<\/div>\n\t\t\t<\/div>\n\t\t\t\t\t\t\t\t<div class=\"qode-aig-image qode-item-space\">\n\t\t\t\t<div class=\"qode-aig-image-inner\">\n\t\t\t\t\t\t\t\t\t\t\t<img loading=\"lazy\" decoding=\"async\" width=\"1536\" height=\"864\" src=\"https:\/\/plasticodyssey.org\/wp-content\/uploads\/2023\/06\/tole-toit-maison-plastique-recycle.jpg\" class=\"attachment-full size-full\" alt=\"\" srcset=\"https:\/\/plasticodyssey.org\/wp-content\/uploads\/2023\/06\/tole-toit-maison-plastique-recycle.jpg 1536w, https:\/\/plasticodyssey.org\/wp-content\/uploads\/2023\/06\/tole-toit-maison-plastique-recycle-300x169.jpg 300w, https:\/\/plasticodyssey.org\/wp-content\/uploads\/2023\/06\/tole-toit-maison-plastique-recycle-1024x576.jpg 1024w, https:\/\/plasticodyssey.org\/wp-content\/uploads\/2023\/06\/tole-toit-maison-plastique-recycle-768x432.jpg 768w, https:\/\/plasticodyssey.org\/wp-content\/uploads\/2023\/06\/tole-toit-maison-plastique-recycle-700x394.jpg 700w, https:\/\/plasticodyssey.org\/wp-content\/uploads\/2023\/06\/tole-toit-maison-plastique-recycle-539x303.jpg 539w\" sizes=\"auto, (max-width: 1536px) 100vw, 1536px\" \/>\t\t\t\t\t\t<span class=\"aig-gallery-hover\">\n\t\t\t\t\t\t\t\t\t\t\t\t\t<\/span>\n\t\t\t\t\t\t\t\t\t<\/div>\n\t\t\t<\/div>\n\t\t\t\t\t\t\t\t<div class=\"qode-aig-image qode-item-space\">\n\t\t\t\t<div class=\"qode-aig-image-inner\">\n\t\t\t\t\t\t\t\t\t\t\t<img loading=\"lazy\" decoding=\"async\" width=\"1344\" height=\"756\" src=\"https:\/\/plasticodyssey.org\/wp-content\/uploads\/2023\/06\/creation-moule-tuiles-recyclees.jpg\" class=\"attachment-full size-full\" alt=\"\" srcset=\"https:\/\/plasticodyssey.org\/wp-content\/uploads\/2023\/06\/creation-moule-tuiles-recyclees.jpg 1344w, https:\/\/plasticodyssey.org\/wp-content\/uploads\/2023\/06\/creation-moule-tuiles-recyclees-300x169.jpg 300w, https:\/\/plasticodyssey.org\/wp-content\/uploads\/2023\/06\/creation-moule-tuiles-recyclees-1024x576.jpg 1024w, https:\/\/plasticodyssey.org\/wp-content\/uploads\/2023\/06\/creation-moule-tuiles-recyclees-768x432.jpg 768w, https:\/\/plasticodyssey.org\/wp-content\/uploads\/2023\/06\/creation-moule-tuiles-recyclees-700x394.jpg 700w, https:\/\/plasticodyssey.org\/wp-content\/uploads\/2023\/06\/creation-moule-tuiles-recyclees-539x303.jpg 539w\" sizes=\"auto, (max-width: 1344px) 100vw, 1344px\" \/>\t\t\t\t\t\t<span class=\"aig-gallery-hover\">\n\t\t\t\t\t\t\t\t\t\t\t\t\t<\/span>\n\t\t\t\t\t\t\t\t\t<\/div>\n\t\t\t<\/div>\n\t\t\t\t\t\t\t\t<div class=\"qode-aig-image qode-item-space\">\n\t\t\t\t<div class=\"qode-aig-image-inner\">\n\t\t\t\t\t\t\t\t\t\t\t<img loading=\"lazy\" decoding=\"async\" width=\"1536\" height=\"864\" src=\"https:\/\/plasticodyssey.org\/wp-content\/uploads\/2023\/06\/copeaux-plastique-recycle-recife.jpg\" class=\"attachment-full size-full\" alt=\"\" srcset=\"https:\/\/plasticodyssey.org\/wp-content\/uploads\/2023\/06\/copeaux-plastique-recycle-recife.jpg 1536w, https:\/\/plasticodyssey.org\/wp-content\/uploads\/2023\/06\/copeaux-plastique-recycle-recife-300x169.jpg 300w, https:\/\/plasticodyssey.org\/wp-content\/uploads\/2023\/06\/copeaux-plastique-recycle-recife-1024x576.jpg 1024w, https:\/\/plasticodyssey.org\/wp-content\/uploads\/2023\/06\/copeaux-plastique-recycle-recife-768x432.jpg 768w, https:\/\/plasticodyssey.org\/wp-content\/uploads\/2023\/06\/copeaux-plastique-recycle-recife-700x394.jpg 700w, https:\/\/plasticodyssey.org\/wp-content\/uploads\/2023\/06\/copeaux-plastique-recycle-recife-539x303.jpg 539w\" sizes=\"auto, (max-width: 1536px) 100vw, 1536px\" \/>\t\t\t\t\t\t<span class=\"aig-gallery-hover\">\n\t\t\t\t\t\t\t\t\t\t\t\t\t<\/span>\n\t\t\t\t\t\t\t\t\t<\/div>\n\t\t\t<\/div>\n\t\t\t\t\t\t\t\t<div class=\"qode-aig-image qode-item-space\">\n\t\t\t\t<div class=\"qode-aig-image-inner\">\n\t\t\t\t\t\t\t\t\t\t\t<img loading=\"lazy\" decoding=\"async\" width=\"1920\" height=\"1080\" src=\"https:\/\/plasticodyssey.org\/wp-content\/uploads\/2023\/06\/escale-recife.jpg\" class=\"attachment-full size-full\" alt=\"\" srcset=\"https:\/\/plasticodyssey.org\/wp-content\/uploads\/2023\/06\/escale-recife.jpg 1920w, https:\/\/plasticodyssey.org\/wp-content\/uploads\/2023\/06\/escale-recife-300x169.jpg 300w, https:\/\/plasticodyssey.org\/wp-content\/uploads\/2023\/06\/escale-recife-1024x576.jpg 1024w, https:\/\/plasticodyssey.org\/wp-content\/uploads\/2023\/06\/escale-recife-768x432.jpg 768w, https:\/\/plasticodyssey.org\/wp-content\/uploads\/2023\/06\/escale-recife-1536x864.jpg 1536w, https:\/\/plasticodyssey.org\/wp-content\/uploads\/2023\/06\/escale-recife-700x394.jpg 700w, https:\/\/plasticodyssey.org\/wp-content\/uploads\/2023\/06\/escale-recife-539x303.jpg 539w\" sizes=\"auto, (max-width: 1920px) 100vw, 1920px\" \/>\t\t\t\t\t\t<span class=\"aig-gallery-hover\">\n\t\t\t\t\t\t\t\t\t\t\t\t\t<\/span>\n\t\t\t\t\t\t\t\t\t<\/div>\n\t\t\t<\/div>\n\t\t\t\t\t\t\t\t<div class=\"qode-aig-image qode-item-space\">\n\t\t\t\t<div class=\"qode-aig-image-inner\">\n\t\t\t\t\t\t\t\t\t\t\t<img loading=\"lazy\" decoding=\"async\" width=\"1536\" height=\"864\" src=\"https:\/\/plasticodyssey.org\/wp-content\/uploads\/2023\/06\/Exposition-nomadic-expo-plastic-odyssey-recife.jpg\" class=\"attachment-full size-full\" alt=\"\" srcset=\"https:\/\/plasticodyssey.org\/wp-content\/uploads\/2023\/06\/Exposition-nomadic-expo-plastic-odyssey-recife.jpg 1536w, https:\/\/plasticodyssey.org\/wp-content\/uploads\/2023\/06\/Exposition-nomadic-expo-plastic-odyssey-recife-300x169.jpg 300w, https:\/\/plasticodyssey.org\/wp-content\/uploads\/2023\/06\/Exposition-nomadic-expo-plastic-odyssey-recife-1024x576.jpg 1024w, https:\/\/plasticodyssey.org\/wp-content\/uploads\/2023\/06\/Exposition-nomadic-expo-plastic-odyssey-recife-768x432.jpg 768w, https:\/\/plasticodyssey.org\/wp-content\/uploads\/2023\/06\/Exposition-nomadic-expo-plastic-odyssey-recife-700x394.jpg 700w, https:\/\/plasticodyssey.org\/wp-content\/uploads\/2023\/06\/Exposition-nomadic-expo-plastic-odyssey-recife-539x303.jpg 539w\" sizes=\"auto, (max-width: 1536px) 100vw, 1536px\" \/>\t\t\t\t\t\t<span class=\"aig-gallery-hover\">\n\t\t\t\t\t\t\t\t\t\t\t\t\t<\/span>\n\t\t\t\t\t\t\t\t\t<\/div>\n\t\t\t<\/div>\n\t\t\t\t\t\t\t\t<div class=\"qode-aig-image qode-item-space\">\n\t\t\t\t<div class=\"qode-aig-image-inner\">\n\t\t\t\t\t\t\t\t\t\t\t<img loading=\"lazy\" decoding=\"async\" width=\"1344\" height=\"756\" src=\"https:\/\/plasticodyssey.org\/wp-content\/uploads\/2023\/06\/moule-tuile-recyclage-deche-plastique.jpg\" class=\"attachment-full size-full\" alt=\"\" srcset=\"https:\/\/plasticodyssey.org\/wp-content\/uploads\/2023\/06\/moule-tuile-recyclage-deche-plastique.jpg 1344w, https:\/\/plasticodyssey.org\/wp-content\/uploads\/2023\/06\/moule-tuile-recyclage-deche-plastique-300x169.jpg 300w, https:\/\/plasticodyssey.org\/wp-content\/uploads\/2023\/06\/moule-tuile-recyclage-deche-plastique-1024x576.jpg 1024w, https:\/\/plasticodyssey.org\/wp-content\/uploads\/2023\/06\/moule-tuile-recyclage-deche-plastique-768x432.jpg 768w, https:\/\/plasticodyssey.org\/wp-content\/uploads\/2023\/06\/moule-tuile-recyclage-deche-plastique-700x394.jpg 700w, https:\/\/plasticodyssey.org\/wp-content\/uploads\/2023\/06\/moule-tuile-recyclage-deche-plastique-539x303.jpg 539w\" sizes=\"auto, (max-width: 1344px) 100vw, 1344px\" \/>\t\t\t\t\t\t<span class=\"aig-gallery-hover\">\n\t\t\t\t\t\t\t\t\t\t\t\t\t<\/span>\n\t\t\t\t\t\t\t\t\t<\/div>\n\t\t\t<\/div>\n\t\t\t\t\t\t\t\t<div class=\"qode-aig-image qode-item-space\">\n\t\t\t\t<div class=\"qode-aig-image-inner\">\n\t\t\t\t\t\t\t\t\t\t\t<img loading=\"lazy\" decoding=\"async\" width=\"1536\" height=\"864\" src=\"https:\/\/plasticodyssey.org\/wp-content\/uploads\/2023\/06\/fabrica-de-vassouras-recyclage-dechet-plastique.jpg\" class=\"attachment-full size-full\" alt=\"\" srcset=\"https:\/\/plasticodyssey.org\/wp-content\/uploads\/2023\/06\/fabrica-de-vassouras-recyclage-dechet-plastique.jpg 1536w, https:\/\/plasticodyssey.org\/wp-content\/uploads\/2023\/06\/fabrica-de-vassouras-recyclage-dechet-plastique-300x169.jpg 300w, https:\/\/plasticodyssey.org\/wp-content\/uploads\/2023\/06\/fabrica-de-vassouras-recyclage-dechet-plastique-1024x576.jpg 1024w, https:\/\/plasticodyssey.org\/wp-content\/uploads\/2023\/06\/fabrica-de-vassouras-recyclage-dechet-plastique-768x432.jpg 768w, https:\/\/plasticodyssey.org\/wp-content\/uploads\/2023\/06\/fabrica-de-vassouras-recyclage-dechet-plastique-700x394.jpg 700w, https:\/\/plasticodyssey.org\/wp-content\/uploads\/2023\/06\/fabrica-de-vassouras-recyclage-dechet-plastique-539x303.jpg 539w\" sizes=\"auto, (max-width: 1536px) 100vw, 1536px\" \/>\t\t\t\t\t\t<span class=\"aig-gallery-hover\">\n\t\t\t\t\t\t\t\t\t\t\t\t\t<\/span>\n\t\t\t\t\t\t\t\t\t<\/div>\n\t\t\t<\/div>\n\t\t\t\t\t\t\t\t<div class=\"qode-aig-image qode-item-space\">\n\t\t\t\t<div class=\"qode-aig-image-inner\">\n\t\t\t\t\t\t\t\t\t\t\t<img loading=\"lazy\" decoding=\"async\" width=\"1344\" height=\"756\" src=\"https:\/\/plasticodyssey.org\/wp-content\/uploads\/2023\/06\/maison-plastique-recycle-bresil.jpg\" class=\"attachment-full size-full\" alt=\"\" srcset=\"https:\/\/plasticodyssey.org\/wp-content\/uploads\/2023\/06\/maison-plastique-recycle-bresil.jpg 1344w, https:\/\/plasticodyssey.org\/wp-content\/uploads\/2023\/06\/maison-plastique-recycle-bresil-300x169.jpg 300w, https:\/\/plasticodyssey.org\/wp-content\/uploads\/2023\/06\/maison-plastique-recycle-bresil-1024x576.jpg 1024w, https:\/\/plasticodyssey.org\/wp-content\/uploads\/2023\/06\/maison-plastique-recycle-bresil-768x432.jpg 768w, https:\/\/plasticodyssey.org\/wp-content\/uploads\/2023\/06\/maison-plastique-recycle-bresil-700x394.jpg 700w, https:\/\/plasticodyssey.org\/wp-content\/uploads\/2023\/06\/maison-plastique-recycle-bresil-539x303.jpg 539w\" sizes=\"auto, (max-width: 1344px) 100vw, 1344px\" \/>\t\t\t\t\t\t<span class=\"aig-gallery-hover\">\n\t\t\t\t\t\t\t\t\t\t\t\t\t<\/span>\n\t\t\t\t\t\t\t\t\t<\/div>\n\t\t\t<\/div>\n\t\t\t\t\t\t\t\t<div class=\"qode-aig-image qode-item-space\">\n\t\t\t\t<div class=\"qode-aig-image-inner\">\n\t\t\t\t\t\t\t\t\t\t\t<img loading=\"lazy\" decoding=\"async\" width=\"1536\" height=\"864\" src=\"https:\/\/plasticodyssey.org\/wp-content\/uploads\/2023\/06\/Nadja-recyclage-recife.jpg\" class=\"attachment-full size-full\" alt=\"\" srcset=\"https:\/\/plasticodyssey.org\/wp-content\/uploads\/2023\/06\/Nadja-recyclage-recife.jpg 1536w, https:\/\/plasticodyssey.org\/wp-content\/uploads\/2023\/06\/Nadja-recyclage-recife-300x169.jpg 300w, https:\/\/plasticodyssey.org\/wp-content\/uploads\/2023\/06\/Nadja-recyclage-recife-1024x576.jpg 1024w, https:\/\/plasticodyssey.org\/wp-content\/uploads\/2023\/06\/Nadja-recyclage-recife-768x432.jpg 768w, https:\/\/plasticodyssey.org\/wp-content\/uploads\/2023\/06\/Nadja-recyclage-recife-700x394.jpg 700w, https:\/\/plasticodyssey.org\/wp-content\/uploads\/2023\/06\/Nadja-recyclage-recife-539x303.jpg 539w\" sizes=\"auto, (max-width: 1536px) 100vw, 1536px\" \/>\t\t\t\t\t\t<span class=\"aig-gallery-hover\">\n\t\t\t\t\t\t\t\t\t\t\t\t\t<\/span>\n\t\t\t\t\t\t\t\t\t<\/div>\n\t\t\t<\/div>\n\t\t\t\t\t\t\t\t<div class=\"qode-aig-image qode-item-space\">\n\t\t\t\t<div class=\"qode-aig-image-inner\">\n\t\t\t\t\t\t\t\t\t\t\t<img loading=\"lazy\" decoding=\"async\" width=\"1920\" height=\"1080\" src=\"https:\/\/plasticodyssey.org\/wp-content\/uploads\/2023\/06\/NadJa.jpg\" class=\"attachment-full size-full\" alt=\"\" srcset=\"https:\/\/plasticodyssey.org\/wp-content\/uploads\/2023\/06\/NadJa.jpg 1920w, https:\/\/plasticodyssey.org\/wp-content\/uploads\/2023\/06\/NadJa-300x169.jpg 300w, https:\/\/plasticodyssey.org\/wp-content\/uploads\/2023\/06\/NadJa-1024x576.jpg 1024w, https:\/\/plasticodyssey.org\/wp-content\/uploads\/2023\/06\/NadJa-768x432.jpg 768w, https:\/\/plasticodyssey.org\/wp-content\/uploads\/2023\/06\/NadJa-1536x864.jpg 1536w, https:\/\/plasticodyssey.org\/wp-content\/uploads\/2023\/06\/NadJa-700x394.jpg 700w, https:\/\/plasticodyssey.org\/wp-content\/uploads\/2023\/06\/NadJa-539x303.jpg 539w\" sizes=\"auto, (max-width: 1920px) 100vw, 1920px\" \/>\t\t\t\t\t\t<span class=\"aig-gallery-hover\">\n\t\t\t\t\t\t\t\t\t\t\t\t\t<\/span>\n\t\t\t\t\t\t\t\t\t<\/div>\n\t\t\t<\/div>\n\t\t\t\t\t\t\t\t<div class=\"qode-aig-image qode-item-space\">\n\t\t\t\t<div class=\"qode-aig-image-inner\">\n\t\t\t\t\t\t\t\t\t\t\t<img loading=\"lazy\" decoding=\"async\" width=\"1920\" height=\"1080\" src=\"https:\/\/plasticodyssey.org\/wp-content\/uploads\/2023\/06\/recyclage-bouteille-plastique-bresil.jpg\" class=\"attachment-full size-full\" alt=\"\" srcset=\"https:\/\/plasticodyssey.org\/wp-content\/uploads\/2023\/06\/recyclage-bouteille-plastique-bresil.jpg 1920w, https:\/\/plasticodyssey.org\/wp-content\/uploads\/2023\/06\/recyclage-bouteille-plastique-bresil-300x169.jpg 300w, https:\/\/plasticodyssey.org\/wp-content\/uploads\/2023\/06\/recyclage-bouteille-plastique-bresil-1024x576.jpg 1024w, https:\/\/plasticodyssey.org\/wp-content\/uploads\/2023\/06\/recyclage-bouteille-plastique-bresil-768x432.jpg 768w, https:\/\/plasticodyssey.org\/wp-content\/uploads\/2023\/06\/recyclage-bouteille-plastique-bresil-1536x864.jpg 1536w, https:\/\/plasticodyssey.org\/wp-content\/uploads\/2023\/06\/recyclage-bouteille-plastique-bresil-700x394.jpg 700w, https:\/\/plasticodyssey.org\/wp-content\/uploads\/2023\/06\/recyclage-bouteille-plastique-bresil-539x303.jpg 539w\" sizes=\"auto, (max-width: 1920px) 100vw, 1920px\" \/>\t\t\t\t\t\t<span class=\"aig-gallery-hover\">\n\t\t\t\t\t\t\t\t\t\t\t\t\t<\/span>\n\t\t\t\t\t\t\t\t\t<\/div>\n\t\t\t<\/div>\n\t\t\t\t\t\t\t\t<div class=\"qode-aig-image qode-item-space\">\n\t\t\t\t<div class=\"qode-aig-image-inner\">\n\t\t\t\t\t\t\t\t\t\t\t<img loading=\"lazy\" decoding=\"async\" width=\"1536\" height=\"864\" src=\"https:\/\/plasticodyssey.org\/wp-content\/uploads\/2023\/06\/recyclage-dechet-plastique-bresil.jpg\" class=\"attachment-full size-full\" alt=\"\" srcset=\"https:\/\/plasticodyssey.org\/wp-content\/uploads\/2023\/06\/recyclage-dechet-plastique-bresil.jpg 1536w, https:\/\/plasticodyssey.org\/wp-content\/uploads\/2023\/06\/recyclage-dechet-plastique-bresil-300x169.jpg 300w, https:\/\/plasticodyssey.org\/wp-content\/uploads\/2023\/06\/recyclage-dechet-plastique-bresil-1024x576.jpg 1024w, https:\/\/plasticodyssey.org\/wp-content\/uploads\/2023\/06\/recyclage-dechet-plastique-bresil-768x432.jpg 768w, https:\/\/plasticodyssey.org\/wp-content\/uploads\/2023\/06\/recyclage-dechet-plastique-bresil-700x394.jpg 700w, https:\/\/plasticodyssey.org\/wp-content\/uploads\/2023\/06\/recyclage-dechet-plastique-bresil-539x303.jpg 539w\" sizes=\"auto, (max-width: 1536px) 100vw, 1536px\" \/>\t\t\t\t\t\t<span class=\"aig-gallery-hover\">\n\t\t\t\t\t\t\t\t\t\t\t\t\t<\/span>\n\t\t\t\t\t\t\t\t\t<\/div>\n\t\t\t<\/div>\n\t\t\t\t\t\t\t\t<div class=\"qode-aig-image qode-item-space\">\n\t\t\t\t<div class=\"qode-aig-image-inner\">\n\t\t\t\t\t\t\t\t\t\t\t<img loading=\"lazy\" decoding=\"async\" width=\"1536\" height=\"864\" src=\"https:\/\/plasticodyssey.org\/wp-content\/uploads\/2023\/06\/Madeira-Plastica-Bresil-.jpg\" class=\"attachment-full size-full\" alt=\"\" srcset=\"https:\/\/plasticodyssey.org\/wp-content\/uploads\/2023\/06\/Madeira-Plastica-Bresil-.jpg 1536w, https:\/\/plasticodyssey.org\/wp-content\/uploads\/2023\/06\/Madeira-Plastica-Bresil--300x169.jpg 300w, https:\/\/plasticodyssey.org\/wp-content\/uploads\/2023\/06\/Madeira-Plastica-Bresil--1024x576.jpg 1024w, https:\/\/plasticodyssey.org\/wp-content\/uploads\/2023\/06\/Madeira-Plastica-Bresil--768x432.jpg 768w, https:\/\/plasticodyssey.org\/wp-content\/uploads\/2023\/06\/Madeira-Plastica-Bresil--700x394.jpg 700w, https:\/\/plasticodyssey.org\/wp-content\/uploads\/2023\/06\/Madeira-Plastica-Bresil--539x303.jpg 539w\" sizes=\"auto, (max-width: 1536px) 100vw, 1536px\" \/>\t\t\t\t\t\t<span class=\"aig-gallery-hover\">\n\t\t\t\t\t\t\t\t\t\t\t\t\t<\/span>\n\t\t\t\t\t\t\t\t\t<\/div>\n\t\t\t<\/div>\n\t\t\t\t\t\t\t\t<div class=\"qode-aig-image qode-item-space\">\n\t\t\t\t<div class=\"qode-aig-image-inner\">\n\t\t\t\t\t\t\t\t\t\t\t<img loading=\"lazy\" decoding=\"async\" width=\"1536\" height=\"864\" src=\"https:\/\/plasticodyssey.org\/wp-content\/uploads\/2023\/06\/profile-plastique-recycle.jpg\" class=\"attachment-full size-full\" alt=\"\" srcset=\"https:\/\/plasticodyssey.org\/wp-content\/uploads\/2023\/06\/profile-plastique-recycle.jpg 1536w, https:\/\/plasticodyssey.org\/wp-content\/uploads\/2023\/06\/profile-plastique-recycle-300x169.jpg 300w, https:\/\/plasticodyssey.org\/wp-content\/uploads\/2023\/06\/profile-plastique-recycle-1024x576.jpg 1024w, https:\/\/plasticodyssey.org\/wp-content\/uploads\/2023\/06\/profile-plastique-recycle-768x432.jpg 768w, https:\/\/plasticodyssey.org\/wp-content\/uploads\/2023\/06\/profile-plastique-recycle-700x394.jpg 700w, https:\/\/plasticodyssey.org\/wp-content\/uploads\/2023\/06\/profile-plastique-recycle-539x303.jpg 539w\" sizes=\"auto, (max-width: 1536px) 100vw, 1536px\" \/>\t\t\t\t\t\t<span class=\"aig-gallery-hover\">\n\t\t\t\t\t\t\t\t\t\t\t\t\t<\/span>\n\t\t\t\t\t\t\t\t\t<\/div>\n\t\t\t<\/div>\n\t\t\t\t\t\t\t\t<div class=\"qode-aig-image qode-item-space\">\n\t\t\t\t<div class=\"qode-aig-image-inner\">\n\t\t\t\t\t\t\t\t\t\t\t<img loading=\"lazy\" decoding=\"async\" width=\"1920\" height=\"1080\" src=\"https:\/\/plasticodyssey.org\/wp-content\/uploads\/2023\/06\/banc-plastique-recycle.jpg\" class=\"attachment-full size-full\" alt=\"\" srcset=\"https:\/\/plasticodyssey.org\/wp-content\/uploads\/2023\/06\/banc-plastique-recycle.jpg 1920w, https:\/\/plasticodyssey.org\/wp-content\/uploads\/2023\/06\/banc-plastique-recycle-300x169.jpg 300w, https:\/\/plasticodyssey.org\/wp-content\/uploads\/2023\/06\/banc-plastique-recycle-1024x576.jpg 1024w, https:\/\/plasticodyssey.org\/wp-content\/uploads\/2023\/06\/banc-plastique-recycle-768x432.jpg 768w, https:\/\/plasticodyssey.org\/wp-content\/uploads\/2023\/06\/banc-plastique-recycle-1536x864.jpg 1536w, https:\/\/plasticodyssey.org\/wp-content\/uploads\/2023\/06\/banc-plastique-recycle-700x394.jpg 700w, https:\/\/plasticodyssey.org\/wp-content\/uploads\/2023\/06\/banc-plastique-recycle-539x303.jpg 539w\" sizes=\"auto, (max-width: 1920px) 100vw, 1920px\" \/>\t\t\t\t\t\t<span class=\"aig-gallery-hover\">\n\t\t\t\t\t\t\t\t\t\t\t\t\t<\/span>\n\t\t\t\t\t\t\t\t\t<\/div>\n\t\t\t<\/div>\n\t\t\t\t\t\t\t\t<div class=\"qode-aig-image qode-item-space\">\n\t\t\t\t<div class=\"qode-aig-image-inner\">\n\t\t\t\t\t\t\t\t\t\t\t<img loading=\"lazy\" decoding=\"async\" width=\"1920\" height=\"1080\" src=\"https:\/\/plasticodyssey.org\/wp-content\/uploads\/2023\/06\/photo-visites-scolaires-bresil.jpg\" class=\"attachment-full size-full\" alt=\"\" srcset=\"https:\/\/plasticodyssey.org\/wp-content\/uploads\/2023\/06\/photo-visites-scolaires-bresil.jpg 1920w, https:\/\/plasticodyssey.org\/wp-content\/uploads\/2023\/06\/photo-visites-scolaires-bresil-300x169.jpg 300w, https:\/\/plasticodyssey.org\/wp-content\/uploads\/2023\/06\/photo-visites-scolaires-bresil-1024x576.jpg 1024w, https:\/\/plasticodyssey.org\/wp-content\/uploads\/2023\/06\/photo-visites-scolaires-bresil-768x432.jpg 768w, https:\/\/plasticodyssey.org\/wp-content\/uploads\/2023\/06\/photo-visites-scolaires-bresil-1536x864.jpg 1536w, https:\/\/plasticodyssey.org\/wp-content\/uploads\/2023\/06\/photo-visites-scolaires-bresil-700x394.jpg 700w, https:\/\/plasticodyssey.org\/wp-content\/uploads\/2023\/06\/photo-visites-scolaires-bresil-539x303.jpg 539w\" sizes=\"auto, (max-width: 1920px) 100vw, 1920px\" \/>\t\t\t\t\t\t<span class=\"aig-gallery-hover\">\n\t\t\t\t\t\t\t\t\t\t\t\t\t<\/span>\n\t\t\t\t\t\t\t\t\t<\/div>\n\t\t\t<\/div>\n\t\t\t\t\t\t<\/div>\n<\/div>[\/vc_column][\/vc_row][vc_row css_animation=\u00bb\u00bb row_type=\u00bbrow\u00bb use_row_as_full_screen_section=\u00bbno\u00bb type=\u00bbgrid\u00bb angled_section=\u00bbno\u00bb text_align=\u00bbleft\u00bb background_image_as_pattern=\u00bbwithout_pattern\u00bb z_index=\u00bb\u00bb el_class=\u00bbpt5 pb4&#8243;][vc_column width=\u00bb2\/3&#8243; offset=\u00bbvc_col-lg-offset-2&#8243; el_class=\u00bbalign_center tablet_fullwidth\u00bb][vc_column_text]<\/p>\n<h2>Todo lo que saber sobre el Expedici\u00f3n<\/h2>\n<p>El Plastic Odyssey, barco embajador en la lucha contra la contaminaci\u00f3n por pl\u00e1sticos en los oc\u00e9anos, navega alrededor del mundo para descubrir, referenciar y compartir soluciones concretas. Una expedici\u00f3n de tres a\u00f1os por tres continentes a los pa\u00edses m\u00e1s afectados por la contaminaci\u00f3n pl\u00e1stica.[\/vc_column_text]<a  itemprop=\"url\" href=\"\/es\/expedicion\/\" target=\"_self\"  class=\"qbutton  default cta_white_bg_2\" style=\"\">Descubrir la expedici\u00f3n<\/a>[\/vc_column][vc_column el_class=\u00bbmt2&#8243;][vc_single_image image=\u00bb30356&#8243; qode_css_animation=\u00bb\u00bb][\/vc_column][\/vc_row][vc_row css_animation=\u00bb\u00bb row_type=\u00bbrow\u00bb use_row_as_full_screen_section=\u00bbno\u00bb type=\u00bbfull_width\u00bb angled_section=\u00bbno\u00bb text_align=\u00bbleft\u00bb background_image_as_pattern=\u00bbwithout_pattern\u00bb z_index=\u00bb\u00bb background_color=\u00bb#ffffff\u00bb el_class=\u00bbmt1&#8243;][vc_column width=\u00bb1\/3&#8243; css=\u00bb.vc_custom_1685020154395{background-image: url(https:\/\/plasticodyssey.org\/wp-content\/uploads\/2021\/09\/recyclage-plastique-protection-tortue.jpg?id=13176) !important;background-position: center !important;background-repeat: no-repeat !important;background-size: cover !important;}\u00bb el_class=\u00bbsk_box_img_full sk_col2&#8243;][vc_column_text el_class=\u00bbsk_box_img_full_align\u00bb]<\/p>\n<h2><strong>Pasada escala<\/strong><\/h2>\n<p><a class=\"qbutton default sk_cta_border\" href=\"\/es\/expedicion\/escalas\/cabo-verde\/\" target=\"_self\" rel=\"noopener\">Mindelo, Cabo Verde<\/a>[\/vc_column_text][\/vc_column][vc_column width=\u00bb1\/3&#8243; css=\u00bb.vc_custom_1678875212811{background-image: url(https:\/\/plasticodyssey.org\/wp-content\/uploads\/2023\/03\/navire-recherche-pollution-plastique.jpg?id=24096) !important;background-position: center !important;background-repeat: no-repeat !important;background-size: cover !important;}\u00bb el_class=\u00bbsk_box_img_full sk_col2&#8243;][vc_column_text el_class=\u00bbsk_box_img_full_align\u00bb]<\/p>\n<h2><strong>Todas las escalas<\/strong><\/h2>\n<p><a class=\"qbutton default sk_cta_border\" href=\"\/es\/expedicion\/escalas\/\" rel=\"noopener\">Volver a escalas<\/a>[\/vc_column_text][\/vc_column][vc_column width=\u00bb1\/3&#8243; css=\u00bb.vc_custom_1700058353821{background-image: url(https:\/\/plasticodyssey.org\/wp-content\/uploads\/2023\/07\/dechets-plage-guyane.jpg?id=34123) !important;background-position: center !important;background-repeat: no-repeat !important;background-size: cover !important;}\u00bb el_class=\u00bbsk_box_img_full sk_col3&#8243;][vc_column_text el_class=\u00bbsk_box_img_full_align\u00bb]<\/p>\n<h2><strong>Pr\u00f3xima escala<\/strong><\/h2>\n<p><a class=\"qbutton default sk_cta_border\" href=\"\/es\/expedicion\/escalas\/guayana-francesa\/\" target=\"_self\" rel=\"noopener\">Guayana Francesa<\/a>[\/vc_column_text][\/vc_column][\/vc_row]<\/p>\n<\/div>","protected":false},"excerpt":{"rendered":"<p>[vc_row css_animation=\u00bb\u00bb row_type=\u00bbrow\u00bb use_row_as_full_screen_section=\u00bbno\u00bb type=\u00bbgrid\u00bb angled_section=\u00bbno\u00bb text_align=\u00bbleft\u00bb background_image_as_pattern=\u00bbwithout_pattern\u00bb background_image=\u00bb29303&#8243; el_class=\u00bbsk_headpage_escales sk_passe_tag_headpage sk_bg_bottom\u00bb z_index=\u00bb\u00bb][vc_column css_animation=\u00bbfadeIn\u00bb el_class=\u00bbtablet_fullwidth\u00bb][vc_column_text el_class=\u00bbwhite\u00bb] Escala en Brasil \ud83c\udde7\ud83c\uddf7 Escala 8 Terminal Mar\u00edtimo de Passageiros Nelcy da Silva Campos Del 27 de abril al&#8230;<\/p>\n","protected":false},"author":3,"featured_media":32711,"parent":32903,"menu_order":8,"comment_status":"closed","ping_status":"closed","template":"full_width.php","meta":{"footnotes":""},"class_list":["post-33056","page","type-page","status-publish","has-post-thumbnail","hentry"],"yoast_head":"<!-- This site is optimized with the Yoast SEO plugin v25.5 - https:\/\/yoast.com\/wordpress\/plugins\/seo\/ -->\n<title>Escala en Brasil | Plastic Odyssey<\/title>\n<meta name=\"description\" content=\"El Plastic Odyssey hizo escala en Recife (Brasil) en mayo de 2023 para reunirse con empresarios locales del reciclaje.\" \/>\n<meta name=\"robots\" content=\"index, follow, max-snippet:-1, max-image-preview:large, max-video-preview:-1\" \/>\n<link rel=\"canonical\" href=\"https:\/\/plasticodyssey.org\/es\/expedicion\/escalas\/brasil\/\" \/>\n<meta property=\"og:locale\" content=\"es_ES\" \/>\n<meta property=\"og:type\" content=\"article\" \/>\n<meta property=\"og:title\" content=\"Escala en Brasil | Plastic Odyssey\" \/>\n<meta property=\"og:description\" content=\"El Plastic Odyssey hizo escala en Recife (Brasil) en mayo de 2023 para reunirse con empresarios locales del reciclaje.\" \/>\n<meta property=\"og:url\" content=\"https:\/\/plasticodyssey.org\/es\/expedicion\/escalas\/brasil\/\" \/>\n<meta property=\"og:site_name\" content=\"Plastic Odyssey\" \/>\n<meta property=\"article:publisher\" content=\"https:\/\/www.facebook.com\/plasticodyssey\/\" \/>\n<meta property=\"article:modified_time\" content=\"2024-06-24T09:09:50+00:00\" \/>\n<meta property=\"og:image\" content=\"https:\/\/plasticodyssey.org\/wp-content\/uploads\/2023\/06\/recyclage-dechet-plastique-bresil.jpg\" \/>\n\t<meta property=\"og:image:width\" content=\"1536\" \/>\n\t<meta property=\"og:image:height\" content=\"864\" \/>\n\t<meta property=\"og:image:type\" content=\"image\/jpeg\" \/>\n<meta name=\"twitter:card\" content=\"summary_large_image\" \/>\n<meta name=\"twitter:site\" content=\"@plasticodyssey\" \/>\n<meta name=\"twitter:label1\" content=\"Tiempo de lectura\" \/>\n\t<meta name=\"twitter:data1\" content=\"9 minutos\" \/>\n<script type=\"application\/ld+json\" class=\"yoast-schema-graph\">{\"@context\":\"https:\/\/schema.org\",\"@graph\":[{\"@type\":\"WebPage\",\"@id\":\"https:\/\/plasticodyssey.org\/es\/expedicion\/escalas\/brasil\/\",\"url\":\"https:\/\/plasticodyssey.org\/es\/expedicion\/escalas\/brasil\/\",\"name\":\"Escala en Brasil | Plastic Odyssey\",\"isPartOf\":{\"@id\":\"https:\/\/plasticodyssey.org\/es\/#website\"},\"primaryImageOfPage\":{\"@id\":\"https:\/\/plasticodyssey.org\/es\/expedicion\/escalas\/brasil\/#primaryimage\"},\"image\":{\"@id\":\"https:\/\/plasticodyssey.org\/es\/expedicion\/escalas\/brasil\/#primaryimage\"},\"thumbnailUrl\":\"https:\/\/plasticodyssey.org\/wp-content\/uploads\/2023\/06\/recyclage-dechet-plastique-bresil.jpg\",\"datePublished\":\"2023-03-15T10:56:02+00:00\",\"dateModified\":\"2024-06-24T09:09:50+00:00\",\"description\":\"El Plastic Odyssey hizo escala en Recife (Brasil) en mayo de 2023 para reunirse con empresarios locales del reciclaje.\",\"breadcrumb\":{\"@id\":\"https:\/\/plasticodyssey.org\/es\/expedicion\/escalas\/brasil\/#breadcrumb\"},\"inLanguage\":\"es\",\"potentialAction\":[{\"@type\":\"ReadAction\",\"target\":[\"https:\/\/plasticodyssey.org\/es\/expedicion\/escalas\/brasil\/\"]}]},{\"@type\":\"ImageObject\",\"inLanguage\":\"es\",\"@id\":\"https:\/\/plasticodyssey.org\/es\/expedicion\/escalas\/brasil\/#primaryimage\",\"url\":\"https:\/\/plasticodyssey.org\/wp-content\/uploads\/2023\/06\/recyclage-dechet-plastique-bresil.jpg\",\"contentUrl\":\"https:\/\/plasticodyssey.org\/wp-content\/uploads\/2023\/06\/recyclage-dechet-plastique-bresil.jpg\",\"width\":1536,\"height\":864},{\"@type\":\"BreadcrumbList\",\"@id\":\"https:\/\/plasticodyssey.org\/es\/expedicion\/escalas\/brasil\/#breadcrumb\",\"itemListElement\":[{\"@type\":\"ListItem\",\"position\":1,\"name\":\"Accueil\",\"item\":\"https:\/\/plasticodyssey.org\/es\/inicio\/\"},{\"@type\":\"ListItem\",\"position\":2,\"name\":\"Expedici\u00f3n\",\"item\":\"https:\/\/plasticodyssey.org\/es\/expedicion\/\"},{\"@type\":\"ListItem\",\"position\":3,\"name\":\"Escalas\",\"item\":\"https:\/\/plasticodyssey.org\/es\/expedicion\/escalas\/\"},{\"@type\":\"ListItem\",\"position\":4,\"name\":\"Brasil\"}]},{\"@type\":\"WebSite\",\"@id\":\"https:\/\/plasticodyssey.org\/es\/#website\",\"url\":\"https:\/\/plasticodyssey.org\/es\/\",\"name\":\"Plastic Odyssey\",\"description\":\"L&#039;exp\u00e9dition autour du monde contre la pollution plastique\",\"publisher\":{\"@id\":\"https:\/\/plasticodyssey.org\/es\/#organization\"},\"potentialAction\":[{\"@type\":\"SearchAction\",\"target\":{\"@type\":\"EntryPoint\",\"urlTemplate\":\"https:\/\/plasticodyssey.org\/es\/?s={search_term_string}\"},\"query-input\":{\"@type\":\"PropertyValueSpecification\",\"valueRequired\":true,\"valueName\":\"search_term_string\"}}],\"inLanguage\":\"es\"},{\"@type\":\"Organization\",\"@id\":\"https:\/\/plasticodyssey.org\/es\/#organization\",\"name\":\"Plastic Odyssey\",\"url\":\"https:\/\/plasticodyssey.org\/es\/\",\"logo\":{\"@type\":\"ImageObject\",\"inLanguage\":\"es\",\"@id\":\"https:\/\/plasticodyssey.org\/es\/#\/schema\/logo\/image\/\",\"url\":\"https:\/\/plasticodyssey.org\/wp-content\/uploads\/2020\/02\/navire-plastic-odyssey-coucher-soleil.jpg\",\"contentUrl\":\"https:\/\/plasticodyssey.org\/wp-content\/uploads\/2020\/02\/navire-plastic-odyssey-coucher-soleil.jpg\",\"width\":1920,\"height\":1080,\"caption\":\"Plastic Odyssey\"},\"image\":{\"@id\":\"https:\/\/plasticodyssey.org\/es\/#\/schema\/logo\/image\/\"},\"sameAs\":[\"https:\/\/www.facebook.com\/plasticodyssey\/\",\"https:\/\/x.com\/plasticodyssey\",\"https:\/\/www.instagram.com\/plasticodyssey\/\",\"https:\/\/www.linkedin.com\/company\/plastic-odyssey\/\",\"https:\/\/www.youtube.com\/channel\/UC4UNxaIW9ODIuLGJaTrhnow\"]}]}<\/script>\n<!-- \/ Yoast SEO plugin. -->","yoast_head_json":{"title":"Escala en Brasil | Plastic Odyssey","description":"El Plastic Odyssey hizo escala en Recife (Brasil) en mayo de 2023 para reunirse con empresarios locales del reciclaje.","robots":{"index":"index","follow":"follow","max-snippet":"max-snippet:-1","max-image-preview":"max-image-preview:large","max-video-preview":"max-video-preview:-1"},"canonical":"https:\/\/plasticodyssey.org\/es\/expedicion\/escalas\/brasil\/","og_locale":"es_ES","og_type":"article","og_title":"Escala en Brasil | Plastic Odyssey","og_description":"El Plastic Odyssey hizo escala en Recife (Brasil) en mayo de 2023 para reunirse con empresarios locales del reciclaje.","og_url":"https:\/\/plasticodyssey.org\/es\/expedicion\/escalas\/brasil\/","og_site_name":"Plastic Odyssey","article_publisher":"https:\/\/www.facebook.com\/plasticodyssey\/","article_modified_time":"2024-06-24T09:09:50+00:00","og_image":[{"width":1536,"height":864,"url":"https:\/\/plasticodyssey.org\/wp-content\/uploads\/2023\/06\/recyclage-dechet-plastique-bresil.jpg","type":"image\/jpeg"}],"twitter_card":"summary_large_image","twitter_site":"@plasticodyssey","twitter_misc":{"Tiempo de lectura":"9 minutos"},"schema":{"@context":"https:\/\/schema.org","@graph":[{"@type":"WebPage","@id":"https:\/\/plasticodyssey.org\/es\/expedicion\/escalas\/brasil\/","url":"https:\/\/plasticodyssey.org\/es\/expedicion\/escalas\/brasil\/","name":"Escala en Brasil | Plastic Odyssey","isPartOf":{"@id":"https:\/\/plasticodyssey.org\/es\/#website"},"primaryImageOfPage":{"@id":"https:\/\/plasticodyssey.org\/es\/expedicion\/escalas\/brasil\/#primaryimage"},"image":{"@id":"https:\/\/plasticodyssey.org\/es\/expedicion\/escalas\/brasil\/#primaryimage"},"thumbnailUrl":"https:\/\/plasticodyssey.org\/wp-content\/uploads\/2023\/06\/recyclage-dechet-plastique-bresil.jpg","datePublished":"2023-03-15T10:56:02+00:00","dateModified":"2024-06-24T09:09:50+00:00","description":"El Plastic Odyssey hizo escala en Recife (Brasil) en mayo de 2023 para reunirse con empresarios locales del reciclaje.","breadcrumb":{"@id":"https:\/\/plasticodyssey.org\/es\/expedicion\/escalas\/brasil\/#breadcrumb"},"inLanguage":"es","potentialAction":[{"@type":"ReadAction","target":["https:\/\/plasticodyssey.org\/es\/expedicion\/escalas\/brasil\/"]}]},{"@type":"ImageObject","inLanguage":"es","@id":"https:\/\/plasticodyssey.org\/es\/expedicion\/escalas\/brasil\/#primaryimage","url":"https:\/\/plasticodyssey.org\/wp-content\/uploads\/2023\/06\/recyclage-dechet-plastique-bresil.jpg","contentUrl":"https:\/\/plasticodyssey.org\/wp-content\/uploads\/2023\/06\/recyclage-dechet-plastique-bresil.jpg","width":1536,"height":864},{"@type":"BreadcrumbList","@id":"https:\/\/plasticodyssey.org\/es\/expedicion\/escalas\/brasil\/#breadcrumb","itemListElement":[{"@type":"ListItem","position":1,"name":"Accueil","item":"https:\/\/plasticodyssey.org\/es\/inicio\/"},{"@type":"ListItem","position":2,"name":"Expedici\u00f3n","item":"https:\/\/plasticodyssey.org\/es\/expedicion\/"},{"@type":"ListItem","position":3,"name":"Escalas","item":"https:\/\/plasticodyssey.org\/es\/expedicion\/escalas\/"},{"@type":"ListItem","position":4,"name":"Brasil"}]},{"@type":"WebSite","@id":"https:\/\/plasticodyssey.org\/es\/#website","url":"https:\/\/plasticodyssey.org\/es\/","name":"Plastic Odyssey","description":"L&#039;exp\u00e9dition autour du monde contre la pollution plastique","publisher":{"@id":"https:\/\/plasticodyssey.org\/es\/#organization"},"potentialAction":[{"@type":"SearchAction","target":{"@type":"EntryPoint","urlTemplate":"https:\/\/plasticodyssey.org\/es\/?s={search_term_string}"},"query-input":{"@type":"PropertyValueSpecification","valueRequired":true,"valueName":"search_term_string"}}],"inLanguage":"es"},{"@type":"Organization","@id":"https:\/\/plasticodyssey.org\/es\/#organization","name":"Plastic Odyssey","url":"https:\/\/plasticodyssey.org\/es\/","logo":{"@type":"ImageObject","inLanguage":"es","@id":"https:\/\/plasticodyssey.org\/es\/#\/schema\/logo\/image\/","url":"https:\/\/plasticodyssey.org\/wp-content\/uploads\/2020\/02\/navire-plastic-odyssey-coucher-soleil.jpg","contentUrl":"https:\/\/plasticodyssey.org\/wp-content\/uploads\/2020\/02\/navire-plastic-odyssey-coucher-soleil.jpg","width":1920,"height":1080,"caption":"Plastic Odyssey"},"image":{"@id":"https:\/\/plasticodyssey.org\/es\/#\/schema\/logo\/image\/"},"sameAs":["https:\/\/www.facebook.com\/plasticodyssey\/","https:\/\/x.com\/plasticodyssey","https:\/\/www.instagram.com\/plasticodyssey\/","https:\/\/www.linkedin.com\/company\/plastic-odyssey\/","https:\/\/www.youtube.com\/channel\/UC4UNxaIW9ODIuLGJaTrhnow"]}]}},"_links":{"self":[{"href":"https:\/\/plasticodyssey.org\/es\/wp-json\/wp\/v2\/pages\/33056","targetHints":{"allow":["GET"]}}],"collection":[{"href":"https:\/\/plasticodyssey.org\/es\/wp-json\/wp\/v2\/pages"}],"about":[{"href":"https:\/\/plasticodyssey.org\/es\/wp-json\/wp\/v2\/types\/page"}],"author":[{"embeddable":true,"href":"https:\/\/plasticodyssey.org\/es\/wp-json\/wp\/v2\/users\/3"}],"replies":[{"embeddable":true,"href":"https:\/\/plasticodyssey.org\/es\/wp-json\/wp\/v2\/comments?post=33056"}],"version-history":[{"count":51,"href":"https:\/\/plasticodyssey.org\/es\/wp-json\/wp\/v2\/pages\/33056\/revisions"}],"predecessor-version":[{"id":49320,"href":"https:\/\/plasticodyssey.org\/es\/wp-json\/wp\/v2\/pages\/33056\/revisions\/49320"}],"up":[{"embeddable":true,"href":"https:\/\/plasticodyssey.org\/es\/wp-json\/wp\/v2\/pages\/32903"}],"wp:featuredmedia":[{"embeddable":true,"href":"https:\/\/plasticodyssey.org\/es\/wp-json\/wp\/v2\/media\/32711"}],"wp:attachment":[{"href":"https:\/\/plasticodyssey.org\/es\/wp-json\/wp\/v2\/media?parent=33056"}],"curies":[{"name":"wp","href":"https:\/\/api.w.org\/{rel}","templated":true}]}}