{"id":33259,"date":"2023-06-20T11:07:19","date_gmt":"2023-06-20T09:07:19","guid":{"rendered":"https:\/\/plasticodyssey.org\/expedicion\/escalas\/republica-dominicana\/"},"modified":"2024-06-24T11:09:38","modified_gmt":"2024-06-24T09:09:38","slug":"republica-dominicana","status":"publish","type":"page","link":"https:\/\/plasticodyssey.org\/es\/expedicion\/escalas\/republica-dominicana\/","title":{"rendered":"Rep\u00fablica Dominicana"},"content":{"rendered":"<div class=\"wpb-content-wrapper\"><p>[vc_row css_animation=\u00bb\u00bb row_type=\u00bbrow\u00bb use_row_as_full_screen_section=\u00bbno\u00bb type=\u00bbgrid\u00bb angled_section=\u00bbno\u00bb text_align=\u00bbleft\u00bb background_image_as_pattern=\u00bbwithout_pattern\u00bb z_index=\u00bb\u00bb background_image=\u00bb37287&#8243; el_class=\u00bbsk_headpage_escales sk_passe_tag_headpage sk_bg_bottom\u00bb][vc_column][vc_column_text el_class=\u00bbwhite\u00bb]<\/p>\n<h1><span class=\"sk_highlight_red\">Escala en la Rep\u00fablica Dominicana \ud83c\udde9\ud83c\uddf4<\/span><\/h1>\n<ul>\n<li>Escala 12<\/li>\n<li>Santo Domingo<\/li>\n<li>Del 21 de agosto al 22 de septiembre de 2023<\/li>\n<\/ul>\n<p>[\/vc_column_text][\/vc_column][\/vc_row][vc_row css_animation=\u00bb\u00bb row_type=\u00bbrow\u00bb use_row_as_full_screen_section=\u00bbno\u00bb type=\u00bbfull_width\u00bb angled_section=\u00bbno\u00bb text_align=\u00bbleft\u00bb background_image_as_pattern=\u00bbwithout_pattern\u00bb z_index=\u00bb\u00bb el_class=\u00bbsk_nav_escales\u00bb][vc_column el_class=\u00bbsk_nav_escales_position\u00bb][vc_raw_html]PGg0Pgo8YSBocmVmPSIvZXMvZXhwZWRpY2lvbi9lc2NhbGFzL21hcnRpbmljYS8iPgo8aSBjbGFzcz0iZmEgZmEtYW5nbGUtbGVmdCBza19lc2NhbGVfcHJldiI+PC9pPgo8L2E+CkVzY2FsYSAxMgo8YSBocmVmPSIvZXMvZXhwZWRpY2lvbi9lc2NhbGFzL2NvbG9tYmlhLyI+CjxpIGNsYXNzPSJmYSBmYS1hbmdsZS1yaWdodCBza19lc2NhbGVfbmV4dCI+PC9pPgo8L2E+CjwvaDQ+[\/vc_raw_html][\/vc_column][\/vc_row][vc_row css_animation=\u00bb\u00bb row_type=\u00bbrow\u00bb use_row_as_full_screen_section=\u00bbno\u00bb type=\u00bbgrid\u00bb angled_section=\u00bbno\u00bb text_align=\u00bbleft\u00bb background_image_as_pattern=\u00bbwithout_pattern\u00bb z_index=\u00bb\u00bb el_class=\u00bbpt6&#8243;][vc_column css_animation=\u00bbnone\u00bb width=\u00bb5\/6&#8243; el_class=\u00bbtablet_fullwidth\u00bb][vc_column_text]<\/p>\n<h2>Rep\u00fablica Dominicana, duod\u00e9cima escala de Plastic Odyssey<\/h2>\n<p>El Plastic Odyssey hizo escala en Santo Domingo en septiembre de 2023. He aqu\u00ed una retrospectiva a esta escala para descubrir el sistema de gesti\u00f3n de residuos y las alternativas al pl\u00e1stico en la Rep\u00fablica Dominicana.[\/vc_column_text][\/vc_column][vc_column css_animation=\u00bbfadeIn\u00bb el_class=\u00bbsk_escale_article mt4&#8243;]\n<div class='latest_post_holder boxes two_columns three_rows' >\n    <ul>\n    \n        <li class=\"clearfix\">\n            <div class=\"boxes_image\">\n                                <a itemprop=\"url\" href=\"https:\/\/plasticodyssey.org\/es\/esfuerzos-colectivos-reduccion-plasticos-republica-dominicana\/\"><img loading=\"lazy\" decoding=\"async\" width=\"1920\" height=\"1080\" src=\"https:\/\/plasticodyssey.org\/wp-content\/uploads\/2023\/10\/vrac-supermarche-republique-dominicaine.jpg\" class=\"attachment-full size-full wp-post-image\" alt=\"\" srcset=\"https:\/\/plasticodyssey.org\/wp-content\/uploads\/2023\/10\/vrac-supermarche-republique-dominicaine.jpg 1920w, https:\/\/plasticodyssey.org\/wp-content\/uploads\/2023\/10\/vrac-supermarche-republique-dominicaine-300x169.jpg 300w, https:\/\/plasticodyssey.org\/wp-content\/uploads\/2023\/10\/vrac-supermarche-republique-dominicaine-1024x576.jpg 1024w, https:\/\/plasticodyssey.org\/wp-content\/uploads\/2023\/10\/vrac-supermarche-republique-dominicaine-768x432.jpg 768w, https:\/\/plasticodyssey.org\/wp-content\/uploads\/2023\/10\/vrac-supermarche-republique-dominicaine-1536x864.jpg 1536w, https:\/\/plasticodyssey.org\/wp-content\/uploads\/2023\/10\/vrac-supermarche-republique-dominicaine-700x394.jpg 700w, https:\/\/plasticodyssey.org\/wp-content\/uploads\/2023\/10\/vrac-supermarche-republique-dominicaine-539x303.jpg 539w\" sizes=\"auto, (max-width: 1920px) 100vw, 1920px\" \/><\/a>\n            <\/div>\n            <div class=\"latest_post\"  >\n                <div class=\"latest_post_text\">\n                    <div class=\"latest_post_inner\">\n                        <div class=\"latest_post_text_inner\">\n                            <h3 itemprop=\"name\" class=\"latest_post_title entry_title\"><a itemprop=\"url\" href=\"https:\/\/plasticodyssey.org\/es\/esfuerzos-colectivos-reduccion-plasticos-republica-dominicana\/\">Rep\u00fablica Dominicana: Esfuerzos colectivos para reducir el pl\u00e1stico<\/a><\/h3>\n                            <p class=\"excerpt\">En la Rep\u00fablica Dominicana descubrimos personas curiosas, apasionadas y muy comprometidas con la b\u00fasqueda de soluciones para reducir el uso del pl\u00e1stico en la vida cotidiana. Tambi\u00e9n hemos observado q...<\/p>\n                            <span class=\"post_infos\">\n                                                                                                \n                                \n                                                            <\/span>\n                        <\/div>\n                    <\/div>\n                <\/div>\n            <\/div>\n        <\/li>\n    \n        <li class=\"clearfix\">\n            <div class=\"boxes_image\">\n                                <a itemprop=\"url\" href=\"https:\/\/plasticodyssey.org\/es\/revolucion-plastico-el-dique\/\"><img decoding=\"async\" src=\"https:\/\/plasticodyssey.org\/wp-content\/uploads\/2023\/10\/manuel-ruiz.jpg\" class=\"attachment-full size-full wp-post-image\" alt=\"\" \/><\/a>\n            <\/div>\n            <div class=\"latest_post\"  >\n                <div class=\"latest_post_text\">\n                    <div class=\"latest_post_inner\">\n                        <div class=\"latest_post_text_inner\">\n                            <h3 itemprop=\"name\" class=\"latest_post_title entry_title\"><a itemprop=\"url\" href=\"https:\/\/plasticodyssey.org\/es\/revolucion-plastico-el-dique\/\">La historia de Manuel Ruiz: el sacerdote visionario detr\u00e1s de Movearte y la revoluci\u00f3n pl\u00e1stica de El Dique<\/a><\/h3>\n                            <p class=\"excerpt\">En Santo Domingo conocimos a Manuel Ruiz, un sacerdote de gran coraz\u00f3n, pero tambi\u00e9n emprendedor y visionario. Inici\u00f3 varios proyectos socioambientales en la regi\u00f3n, entre ellos el centro Movearte y e...<\/p>\n                            <span class=\"post_infos\">\n                                                                                                \n                                \n                                                            <\/span>\n                        <\/div>\n                    <\/div>\n                <\/div>\n            <\/div>\n        <\/li>\n    \n        <li class=\"clearfix\">\n            <div class=\"boxes_image\">\n                                <a itemprop=\"url\" href=\"https:\/\/plasticodyssey.org\/es\/lamparas-jacintos-agua\/\"><img loading=\"lazy\" decoding=\"async\" width=\"1920\" height=\"1080\" src=\"https:\/\/plasticodyssey.org\/wp-content\/uploads\/2023\/09\/lampes-lilas-republique-dominicaine.jpg\" class=\"attachment-full size-full wp-post-image\" alt=\"\" srcset=\"https:\/\/plasticodyssey.org\/wp-content\/uploads\/2023\/09\/lampes-lilas-republique-dominicaine.jpg 1920w, https:\/\/plasticodyssey.org\/wp-content\/uploads\/2023\/09\/lampes-lilas-republique-dominicaine-300x169.jpg 300w, https:\/\/plasticodyssey.org\/wp-content\/uploads\/2023\/09\/lampes-lilas-republique-dominicaine-1024x576.jpg 1024w, https:\/\/plasticodyssey.org\/wp-content\/uploads\/2023\/09\/lampes-lilas-republique-dominicaine-768x432.jpg 768w, https:\/\/plasticodyssey.org\/wp-content\/uploads\/2023\/09\/lampes-lilas-republique-dominicaine-1536x864.jpg 1536w, https:\/\/plasticodyssey.org\/wp-content\/uploads\/2023\/09\/lampes-lilas-republique-dominicaine-700x394.jpg 700w, https:\/\/plasticodyssey.org\/wp-content\/uploads\/2023\/09\/lampes-lilas-republique-dominicaine-539x303.jpg 539w\" sizes=\"auto, (max-width: 1920px) 100vw, 1920px\" \/><\/a>\n            <\/div>\n            <div class=\"latest_post\"  >\n                <div class=\"latest_post_text\">\n                    <div class=\"latest_post_inner\">\n                        <div class=\"latest_post_text_inner\">\n                            <h3 itemprop=\"name\" class=\"latest_post_title entry_title\"><a itemprop=\"url\" href=\"https:\/\/plasticodyssey.org\/es\/lamparas-jacintos-agua\/\">Rep\u00fablica Dominicana: L\u00e1mparas de Jacintos de Agua<\/a><\/h3>\n                            <p class=\"excerpt\">Si prestas atenci\u00f3n, el pl\u00e1stico est\u00e1 omnipresente en nuestros hogares: cubos de basura, juguetes, productos del hogar, contenedores y cualquier otro producto cotidiano. Es un verdadero flagelo del si...<\/p>\n                            <span class=\"post_infos\">\n                                                                                                \n                                \n                                                            <\/span>\n                        <\/div>\n                    <\/div>\n                <\/div>\n            <\/div>\n        <\/li>\n    \n        <li class=\"clearfix\">\n            <div class=\"boxes_image\">\n                                <a itemprop=\"url\" href=\"https:\/\/plasticodyssey.org\/es\/capobianco-pioneer-recycling-dominican-republic\/\"><img loading=\"lazy\" decoding=\"async\" width=\"1920\" height=\"1080\" src=\"https:\/\/plasticodyssey.org\/wp-content\/uploads\/2023\/10\/capobianco-soluciones-ecologicas.jpg\" class=\"attachment-full size-full wp-post-image\" alt=\"\" srcset=\"https:\/\/plasticodyssey.org\/wp-content\/uploads\/2023\/10\/capobianco-soluciones-ecologicas.jpg 1920w, https:\/\/plasticodyssey.org\/wp-content\/uploads\/2023\/10\/capobianco-soluciones-ecologicas-300x169.jpg 300w, https:\/\/plasticodyssey.org\/wp-content\/uploads\/2023\/10\/capobianco-soluciones-ecologicas-1024x576.jpg 1024w, https:\/\/plasticodyssey.org\/wp-content\/uploads\/2023\/10\/capobianco-soluciones-ecologicas-768x432.jpg 768w, https:\/\/plasticodyssey.org\/wp-content\/uploads\/2023\/10\/capobianco-soluciones-ecologicas-1536x864.jpg 1536w, https:\/\/plasticodyssey.org\/wp-content\/uploads\/2023\/10\/capobianco-soluciones-ecologicas-700x394.jpg 700w, https:\/\/plasticodyssey.org\/wp-content\/uploads\/2023\/10\/capobianco-soluciones-ecologicas-539x303.jpg 539w\" sizes=\"auto, (max-width: 1920px) 100vw, 1920px\" \/><\/a>\n            <\/div>\n            <div class=\"latest_post\"  >\n                <div class=\"latest_post_text\">\n                    <div class=\"latest_post_inner\">\n                        <div class=\"latest_post_text_inner\">\n                            <h3 itemprop=\"name\" class=\"latest_post_title entry_title\"><a itemprop=\"url\" href=\"https:\/\/plasticodyssey.org\/es\/capobianco-pioneer-recycling-dominican-republic\/\">En la Rep\u00fablica Dominicana: encuentro con Capobianco, pionera en la transformaci\u00f3n de residuos pl\u00e1sticos<\/a><\/h3>\n                            <p class=\"excerpt\">En Santo Domingo, el equipo de Plastic Odyssey tuvo la oportunidad de conocer a Ferm\u00edn, fundador de Capobianco Soluciones Ecol\u00f3gicas, una empresa innovadora especializada en la fabricaci\u00f3n de perfiles...<\/p>\n                            <span class=\"post_infos\">\n                                                                                                \n                                \n                                                            <\/span>\n                        <\/div>\n                    <\/div>\n                <\/div>\n            <\/div>\n        <\/li>\n    \n        <li class=\"clearfix\">\n            <div class=\"boxes_image\">\n                                <a itemprop=\"url\" href=\"https:\/\/plasticodyssey.org\/es\/envases-biodegradables-yagua\/\"><img loading=\"lazy\" decoding=\"async\" width=\"1920\" height=\"1080\" src=\"https:\/\/plasticodyssey.org\/wp-content\/uploads\/2023\/10\/green-depot-contenants-biodegradables-republique-dominicaine.jpg\" class=\"attachment-full size-full wp-post-image\" alt=\"\" srcset=\"https:\/\/plasticodyssey.org\/wp-content\/uploads\/2023\/10\/green-depot-contenants-biodegradables-republique-dominicaine.jpg 1920w, https:\/\/plasticodyssey.org\/wp-content\/uploads\/2023\/10\/green-depot-contenants-biodegradables-republique-dominicaine-300x169.jpg 300w, https:\/\/plasticodyssey.org\/wp-content\/uploads\/2023\/10\/green-depot-contenants-biodegradables-republique-dominicaine-1024x576.jpg 1024w, https:\/\/plasticodyssey.org\/wp-content\/uploads\/2023\/10\/green-depot-contenants-biodegradables-republique-dominicaine-768x432.jpg 768w, https:\/\/plasticodyssey.org\/wp-content\/uploads\/2023\/10\/green-depot-contenants-biodegradables-republique-dominicaine-1536x864.jpg 1536w, https:\/\/plasticodyssey.org\/wp-content\/uploads\/2023\/10\/green-depot-contenants-biodegradables-republique-dominicaine-700x394.jpg 700w, https:\/\/plasticodyssey.org\/wp-content\/uploads\/2023\/10\/green-depot-contenants-biodegradables-republique-dominicaine-539x303.jpg 539w\" sizes=\"auto, (max-width: 1920px) 100vw, 1920px\" \/><\/a>\n            <\/div>\n            <div class=\"latest_post\"  >\n                <div class=\"latest_post_text\">\n                    <div class=\"latest_post_inner\">\n                        <div class=\"latest_post_text_inner\">\n                            <h3 itemprop=\"name\" class=\"latest_post_title entry_title\"><a itemprop=\"url\" href=\"https:\/\/plasticodyssey.org\/es\/envases-biodegradables-yagua\/\">Rep\u00fablica Dominicana: Green Depot, envases biodegradables fabricados con hojas de yagua<\/a><\/h3>\n                            <p class=\"excerpt\">En Santo Domingo, Rep\u00fablica Dominicana, conocimos a Porfirio Nicol\u00e1s B\u00e1ez, un emprendedor apasionado detr\u00e1s de la primera empresa del pa\u00eds en producir contenedores totalmente biodegradables hechos de ...<\/p>\n                            <span class=\"post_infos\">\n                                                                                                \n                                \n                                                            <\/span>\n                        <\/div>\n                    <\/div>\n                <\/div>\n            <\/div>\n        <\/li>\n        <\/ul>\n<\/div>[\/vc_column][vc_column el_class=\u00bbpt2 sk_nodisplay\u00bb][vc_column_text el_class=\u00bbpb3&#8243;]<\/p>\n<h2>Principales cifras<\/h2>\n<p>[\/vc_column_text][qode_elements_holder number_of_columns=\u00bbthree_columns\u00bb custom_class=\u00bbsk_counter_grey align_center\u00bb][qode_elements_holder_item vertical_alignment=\u00bbtop\u00bb advanced_animations=\u00bbno\u00bb item_padding=\u00bb0 5px 0px 0&#8243; item_padding_600_768=\u00bb0 0 10px 0&#8243; item_padding_480_600=\u00bb0 0 10px 0&#8243; item_padding_480=\u00bb0 0 10px 0&#8243;]<div class=\"q_counter_holder  center\" style=\"\" data-digit=\"5\"><span class=\"counter  zero\" style=\"font-weight: 600;\">5<\/span><span class=\"separator small\" style=\"background-color: #1d1e3a;\"><\/span><p class=\"counter_text\" style=\"font-weight: 600;\">talleres organizados<\/p><\/div>[vc_column_text el_class=\u00bbsk_box_grey p3&#8243;]5 talleres por sector de actividad para estudiar la valorizaci\u00f3n de sus residuos o la utilizaci\u00f3n de nuevos productos (distribuci\u00f3n de supermercados, hosteler\u00eda y turismo, construcci\u00f3n y obras p\u00fablicas, sector mar\u00edtimo, sector p\u00fablico e institucional).[\/vc_column_text][\/qode_elements_holder_item][qode_elements_holder_item vertical_alignment=\u00bbtop\u00bb advanced_animations=\u00bbno\u00bb item_padding=\u00bb0 5px\u00bb item_padding_600_768=\u00bb0 0 10px 0&#8243; item_padding_480_600=\u00bb0 0 10px 0&#8243; item_padding_480=\u00bb0 0 10px 0&#8243;]<div class=\"q_counter_holder  center\" style=\"\" data-digit=\"700\"><span class=\"counter  zero\" style=\"font-weight: 600;\">700<\/span><span class=\"separator small\" style=\"background-color: #1d1e3a;\"><\/span><p class=\"counter_text\" style=\"font-weight: 600;\">visitantes de la exposici\u00f3n<\/p><\/div>[vc_column_text el_class=\u00bbsk_box_grey p3&#8243;]700 visitantes a la exposici\u00f3n \u00abBa\u00fales de Tesoros\u00bb en el centro cultural de Mindelo: \u00a1una primicia en t\u00e9rminos de asistencia![\/vc_column_text][\/qode_elements_holder_item][qode_elements_holder_item vertical_alignment=\u00bbtop\u00bb advanced_animations=\u00bbno\u00bb item_padding=\u00bb0 0 0px 5px\u00bb item_padding_600_768=\u00bb0 0 0 0&#8243; item_padding_480_600=\u00bb0 0 0 0&#8243; item_padding_480=\u00bb0 0 0 0&#8243;]<div class=\"q_counter_holder  center\" style=\"\" data-digit=\"25\"><span class=\"counter  zero\" style=\"font-weight: 600;\">25<\/span><span class=\"separator small\" style=\"background-color: #1d1e3a;\"><\/span><p class=\"counter_text\" style=\"font-weight: 600;\">exploradores en una isla desierta<\/p><\/div>[vc_column_text el_class=\u00bbsk_box_grey p3&#8243;]25 exploradores desembarcaron en la isla desierta de Santa Luzia para comprobar el alcance de los da\u00f1os causados por la contaminaci\u00f3n marina por pl\u00e1sticos en este ecosistema, crucial para la reproducci\u00f3n de las tortugas marinas.[\/vc_column_text][\/qode_elements_holder_item][\/qode_elements_holder][\/vc_column][vc_column width=\u00bb5\/6&#8243; el_class=\u00bbsk_nodisplay tablet_fullwidth\u00bb][vc_column_text el_class=\u00bbpt6&#8243;]<\/p>\n<h2>\u00bfQu\u00e9 podemos aprender de esta escala?<\/h2>\n<p>El acceso a los recursos y la fuerte demanda de materiales de construcci\u00f3n presentan numerosas oportunidades para el desarrollo del reciclado de pl\u00e1sticos. Los empresarios, instituciones, fabricantes y asociaciones acogidos durante el OnBoard Laboratory mostraron un gran optimismo sobre el desarrollo del sector y un verdadero deseo de trabajar juntos.<\/p>\n<p>En el frente de la reducci\u00f3n, pudimos conocer a algunos portadores de iniciativas especialmente inspiradoras, que utilizan sistemas de trenzado y ganchillo con virtuosismo. Estos descubrimientos se a\u00f1adir\u00e1n ahora a los Ba\u00fales de Tesoros de la exposici\u00f3n, que tuvo un gran \u00e9xito durante las 2 semanas que permaneci\u00f3 en el centro cultural de Mindelo.<\/p>\n<p>Antes de pasar a otro continente, y como \u00faltima parada de nuestra escala, fuimos a la isla desierta de Santa Luzia, donde las tortugas marinas acuden a desovar. Deshabitado pero lleno de residuos marinos, la necesidad de preservar este ecosistema es a\u00fan m\u00e1s importante. Junto con la asociaci\u00f3n Biosfera y la empresa SCE, documentamos y recogimos los residuos esparcidos por los vientos en la isla. Fue una experiencia que reforz\u00f3 nuestra determinaci\u00f3n de preservar la biodiversidad del archipi\u00e9lago y la belleza de sus ecosistemas marinos.[\/vc_column_text][\/vc_column][vc_column el_class=\u00bbalign_center mt3 p3 sk_box_grey\u00bb css=\u00bb.vc_custom_1700756859024{padding-right: 0px !important;padding-left: 0px !important;}\u00bb][qode_elements_holder number_of_columns=\u00bbtwo_columns\u00bb columns_proportion=\u00bb33_66&#8243;][qode_elements_holder_item advanced_animations=\u00bbno\u00bb item_padding=\u00bb40px\u00bb item_padding_600_768=\u00bb40px 0 0&#8243; item_padding_480_600=\u00bb40px 0 0&#8243; item_padding_480=\u00bb40px 0 0&#8243;][vc_column_text]<\/p>\n<h3>Serie web \u2013 Episodio 5<\/h3>\n<p>Descubra el quinto episodio de la serie web producida en colaboraci\u00f3n con Les \u00c9claireurs.<\/p>\n<p><em>Dirigida por:<\/em> <strong><a href=\"https:\/\/lookaroundyou.ca\/\" target=\"_blank\" rel=\"noopener\">Valentin Proult<\/a><\/strong>[\/vc_column_text]<a  itemprop=\"url\" href=\"https:\/\/www.youtube.com\/@PlasticOdyssey\/videos\" target=\"_blank\"  class=\"qbutton  default cta_white_bg_2\" style=\"\">M\u00e1s v\u00eddeos<\/a>[\/qode_elements_holder_item][qode_elements_holder_item advanced_animations=\u00bbno\u00bb][vc_video link=\u00bbhttps:\/\/youtu.be\/Y-LU5EXq52Y\u00bb][\/qode_elements_holder_item][\/qode_elements_holder][\/vc_column][\/vc_row][vc_row css_animation=\u00bb\u00bb row_type=\u00bbrow\u00bb use_row_as_full_screen_section=\u00bbno\u00bb type=\u00bbfull_width\u00bb angled_section=\u00bbno\u00bb text_align=\u00bbleft\u00bb background_image_as_pattern=\u00bbwithout_pattern\u00bb z_index=\u00bb\u00bb el_class=\u00bbpt6 sk_fullwidth_gallery\u00bb][vc_column el_class=\u00bbalign_center\u00bb][vc_column_text el_class=\u00bbpb3&#8243;]<\/p>\n<h2>Galer\u00eda de fotos<\/h2>\n<p>[\/vc_column_text]<div class=\"qode-advanced-image-gallery  qode-aig-grid-type qode-tiny-space   \">\n\t<div class=\"qode-aig-inner qode-outer-space qode-aig-grid qode-aig-three-columns\">\n\t\t\t\t\t<div class=\"qode-aig-image qode-item-space\">\n\t\t\t\t<div class=\"qode-aig-image-inner\">\n\t\t\t\t\t\t\t\t\t\t\t<img loading=\"lazy\" decoding=\"async\" width=\"1920\" height=\"1080\" src=\"https:\/\/plasticodyssey.org\/wp-content\/uploads\/2023\/10\/navire-punta-torrecillas-repdom.jpg\" class=\"attachment-full size-full\" alt=\"\" srcset=\"https:\/\/plasticodyssey.org\/wp-content\/uploads\/2023\/10\/navire-punta-torrecillas-repdom.jpg 1920w, https:\/\/plasticodyssey.org\/wp-content\/uploads\/2023\/10\/navire-punta-torrecillas-repdom-300x169.jpg 300w, https:\/\/plasticodyssey.org\/wp-content\/uploads\/2023\/10\/navire-punta-torrecillas-repdom-1024x576.jpg 1024w, https:\/\/plasticodyssey.org\/wp-content\/uploads\/2023\/10\/navire-punta-torrecillas-repdom-768x432.jpg 768w, https:\/\/plasticodyssey.org\/wp-content\/uploads\/2023\/10\/navire-punta-torrecillas-repdom-1536x864.jpg 1536w, https:\/\/plasticodyssey.org\/wp-content\/uploads\/2023\/10\/navire-punta-torrecillas-repdom-700x394.jpg 700w, https:\/\/plasticodyssey.org\/wp-content\/uploads\/2023\/10\/navire-punta-torrecillas-repdom-539x303.jpg 539w\" sizes=\"auto, (max-width: 1920px) 100vw, 1920px\" \/>\t\t\t\t\t\t<span class=\"aig-gallery-hover\">\n\t\t\t\t\t\t\t\t\t\t\t\t\t<\/span>\n\t\t\t\t\t\t\t\t\t<\/div>\n\t\t\t<\/div>\n\t\t\t\t\t\t\t\t<div class=\"qode-aig-image qode-item-space\">\n\t\t\t\t<div class=\"qode-aig-image-inner\">\n\t\t\t\t\t\t\t\t\t\t\t<img loading=\"lazy\" decoding=\"async\" width=\"1920\" height=\"1080\" src=\"https:\/\/plasticodyssey.org\/wp-content\/uploads\/2023\/10\/vue-drone-navire-republique-dominciaine.jpg\" class=\"attachment-full size-full\" alt=\"\" srcset=\"https:\/\/plasticodyssey.org\/wp-content\/uploads\/2023\/10\/vue-drone-navire-republique-dominciaine.jpg 1920w, https:\/\/plasticodyssey.org\/wp-content\/uploads\/2023\/10\/vue-drone-navire-republique-dominciaine-300x169.jpg 300w, https:\/\/plasticodyssey.org\/wp-content\/uploads\/2023\/10\/vue-drone-navire-republique-dominciaine-1024x576.jpg 1024w, https:\/\/plasticodyssey.org\/wp-content\/uploads\/2023\/10\/vue-drone-navire-republique-dominciaine-768x432.jpg 768w, https:\/\/plasticodyssey.org\/wp-content\/uploads\/2023\/10\/vue-drone-navire-republique-dominciaine-1536x864.jpg 1536w, https:\/\/plasticodyssey.org\/wp-content\/uploads\/2023\/10\/vue-drone-navire-republique-dominciaine-700x394.jpg 700w, https:\/\/plasticodyssey.org\/wp-content\/uploads\/2023\/10\/vue-drone-navire-republique-dominciaine-539x303.jpg 539w\" sizes=\"auto, (max-width: 1920px) 100vw, 1920px\" \/>\t\t\t\t\t\t<span class=\"aig-gallery-hover\">\n\t\t\t\t\t\t\t\t\t\t\t\t\t<\/span>\n\t\t\t\t\t\t\t\t\t<\/div>\n\t\t\t<\/div>\n\t\t\t\t\t\t\t\t<div class=\"qode-aig-image qode-item-space\">\n\t\t\t\t<div class=\"qode-aig-image-inner\">\n\t\t\t\t\t\t\t\t\t\t\t<img loading=\"lazy\" decoding=\"async\" width=\"1920\" height=\"1080\" src=\"https:\/\/plasticodyssey.org\/wp-content\/uploads\/2023\/10\/enfants-dechets-plastiques-republique-dominicaine.jpg\" class=\"attachment-full size-full\" alt=\"\" srcset=\"https:\/\/plasticodyssey.org\/wp-content\/uploads\/2023\/10\/enfants-dechets-plastiques-republique-dominicaine.jpg 1920w, https:\/\/plasticodyssey.org\/wp-content\/uploads\/2023\/10\/enfants-dechets-plastiques-republique-dominicaine-300x169.jpg 300w, https:\/\/plasticodyssey.org\/wp-content\/uploads\/2023\/10\/enfants-dechets-plastiques-republique-dominicaine-1024x576.jpg 1024w, https:\/\/plasticodyssey.org\/wp-content\/uploads\/2023\/10\/enfants-dechets-plastiques-republique-dominicaine-768x432.jpg 768w, https:\/\/plasticodyssey.org\/wp-content\/uploads\/2023\/10\/enfants-dechets-plastiques-republique-dominicaine-1536x864.jpg 1536w, https:\/\/plasticodyssey.org\/wp-content\/uploads\/2023\/10\/enfants-dechets-plastiques-republique-dominicaine-700x394.jpg 700w, https:\/\/plasticodyssey.org\/wp-content\/uploads\/2023\/10\/enfants-dechets-plastiques-republique-dominicaine-539x303.jpg 539w\" sizes=\"auto, (max-width: 1920px) 100vw, 1920px\" \/>\t\t\t\t\t\t<span class=\"aig-gallery-hover\">\n\t\t\t\t\t\t\t\t\t\t\t\t\t<\/span>\n\t\t\t\t\t\t\t\t\t<\/div>\n\t\t\t<\/div>\n\t\t\t\t\t\t\t\t<div class=\"qode-aig-image qode-item-space\">\n\t\t\t\t<div class=\"qode-aig-image-inner\">\n\t\t\t\t\t\t\t\t\t\t\t<img loading=\"lazy\" decoding=\"async\" width=\"1920\" height=\"1080\" src=\"https:\/\/plasticodyssey.org\/wp-content\/uploads\/2023\/10\/vendeur-santo-domingo.jpg\" class=\"attachment-full size-full\" alt=\"\" srcset=\"https:\/\/plasticodyssey.org\/wp-content\/uploads\/2023\/10\/vendeur-santo-domingo.jpg 1920w, https:\/\/plasticodyssey.org\/wp-content\/uploads\/2023\/10\/vendeur-santo-domingo-300x169.jpg 300w, https:\/\/plasticodyssey.org\/wp-content\/uploads\/2023\/10\/vendeur-santo-domingo-1024x576.jpg 1024w, https:\/\/plasticodyssey.org\/wp-content\/uploads\/2023\/10\/vendeur-santo-domingo-768x432.jpg 768w, https:\/\/plasticodyssey.org\/wp-content\/uploads\/2023\/10\/vendeur-santo-domingo-1536x864.jpg 1536w, https:\/\/plasticodyssey.org\/wp-content\/uploads\/2023\/10\/vendeur-santo-domingo-700x394.jpg 700w, https:\/\/plasticodyssey.org\/wp-content\/uploads\/2023\/10\/vendeur-santo-domingo-539x303.jpg 539w\" sizes=\"auto, (max-width: 1920px) 100vw, 1920px\" \/>\t\t\t\t\t\t<span class=\"aig-gallery-hover\">\n\t\t\t\t\t\t\t\t\t\t\t\t\t<\/span>\n\t\t\t\t\t\t\t\t\t<\/div>\n\t\t\t<\/div>\n\t\t\t\t\t\t\t\t<div class=\"qode-aig-image qode-item-space\">\n\t\t\t\t<div class=\"qode-aig-image-inner\">\n\t\t\t\t\t\t\t\t\t\t\t<img loading=\"lazy\" decoding=\"async\" width=\"1920\" height=\"1080\" src=\"https:\/\/plasticodyssey.org\/wp-content\/uploads\/2023\/10\/ville-santo-domingo.jpg\" class=\"attachment-full size-full\" alt=\"\" srcset=\"https:\/\/plasticodyssey.org\/wp-content\/uploads\/2023\/10\/ville-santo-domingo.jpg 1920w, https:\/\/plasticodyssey.org\/wp-content\/uploads\/2023\/10\/ville-santo-domingo-300x169.jpg 300w, https:\/\/plasticodyssey.org\/wp-content\/uploads\/2023\/10\/ville-santo-domingo-1024x576.jpg 1024w, https:\/\/plasticodyssey.org\/wp-content\/uploads\/2023\/10\/ville-santo-domingo-768x432.jpg 768w, https:\/\/plasticodyssey.org\/wp-content\/uploads\/2023\/10\/ville-santo-domingo-1536x864.jpg 1536w, https:\/\/plasticodyssey.org\/wp-content\/uploads\/2023\/10\/ville-santo-domingo-700x394.jpg 700w, https:\/\/plasticodyssey.org\/wp-content\/uploads\/2023\/10\/ville-santo-domingo-539x303.jpg 539w\" sizes=\"auto, (max-width: 1920px) 100vw, 1920px\" \/>\t\t\t\t\t\t<span class=\"aig-gallery-hover\">\n\t\t\t\t\t\t\t\t\t\t\t\t\t<\/span>\n\t\t\t\t\t\t\t\t\t<\/div>\n\t\t\t<\/div>\n\t\t\t\t\t\t\t\t<div class=\"qode-aig-image qode-item-space\">\n\t\t\t\t<div class=\"qode-aig-image-inner\">\n\t\t\t\t\t\t\t\t\t\t\t<img loading=\"lazy\" decoding=\"async\" width=\"1920\" height=\"1080\" src=\"https:\/\/plasticodyssey.org\/wp-content\/uploads\/2023\/10\/capobianco-soluciones-ecologicas.jpg\" class=\"attachment-full size-full\" alt=\"\" srcset=\"https:\/\/plasticodyssey.org\/wp-content\/uploads\/2023\/10\/capobianco-soluciones-ecologicas.jpg 1920w, https:\/\/plasticodyssey.org\/wp-content\/uploads\/2023\/10\/capobianco-soluciones-ecologicas-300x169.jpg 300w, https:\/\/plasticodyssey.org\/wp-content\/uploads\/2023\/10\/capobianco-soluciones-ecologicas-1024x576.jpg 1024w, https:\/\/plasticodyssey.org\/wp-content\/uploads\/2023\/10\/capobianco-soluciones-ecologicas-768x432.jpg 768w, https:\/\/plasticodyssey.org\/wp-content\/uploads\/2023\/10\/capobianco-soluciones-ecologicas-1536x864.jpg 1536w, https:\/\/plasticodyssey.org\/wp-content\/uploads\/2023\/10\/capobianco-soluciones-ecologicas-700x394.jpg 700w, https:\/\/plasticodyssey.org\/wp-content\/uploads\/2023\/10\/capobianco-soluciones-ecologicas-539x303.jpg 539w\" sizes=\"auto, (max-width: 1920px) 100vw, 1920px\" \/>\t\t\t\t\t\t<span class=\"aig-gallery-hover\">\n\t\t\t\t\t\t\t\t\t\t\t\t\t<\/span>\n\t\t\t\t\t\t\t\t\t<\/div>\n\t\t\t<\/div>\n\t\t\t\t\t\t\t\t<div class=\"qode-aig-image qode-item-space\">\n\t\t\t\t<div class=\"qode-aig-image-inner\">\n\t\t\t\t\t\t\t\t\t\t\t<img loading=\"lazy\" decoding=\"async\" width=\"1920\" height=\"1080\" src=\"https:\/\/plasticodyssey.org\/wp-content\/uploads\/2023\/10\/recyclage-republique-dominicaine.jpg\" class=\"attachment-full size-full\" alt=\"\" srcset=\"https:\/\/plasticodyssey.org\/wp-content\/uploads\/2023\/10\/recyclage-republique-dominicaine.jpg 1920w, https:\/\/plasticodyssey.org\/wp-content\/uploads\/2023\/10\/recyclage-republique-dominicaine-300x169.jpg 300w, https:\/\/plasticodyssey.org\/wp-content\/uploads\/2023\/10\/recyclage-republique-dominicaine-1024x576.jpg 1024w, https:\/\/plasticodyssey.org\/wp-content\/uploads\/2023\/10\/recyclage-republique-dominicaine-768x432.jpg 768w, https:\/\/plasticodyssey.org\/wp-content\/uploads\/2023\/10\/recyclage-republique-dominicaine-1536x864.jpg 1536w, https:\/\/plasticodyssey.org\/wp-content\/uploads\/2023\/10\/recyclage-republique-dominicaine-700x394.jpg 700w, https:\/\/plasticodyssey.org\/wp-content\/uploads\/2023\/10\/recyclage-republique-dominicaine-539x303.jpg 539w\" sizes=\"auto, (max-width: 1920px) 100vw, 1920px\" \/>\t\t\t\t\t\t<span class=\"aig-gallery-hover\">\n\t\t\t\t\t\t\t\t\t\t\t\t\t<\/span>\n\t\t\t\t\t\t\t\t\t<\/div>\n\t\t\t<\/div>\n\t\t\t\t\t\t\t\t<div class=\"qode-aig-image qode-item-space\">\n\t\t\t\t<div class=\"qode-aig-image-inner\">\n\t\t\t\t\t\t\t\t\t\t\t<img loading=\"lazy\" decoding=\"async\" width=\"1920\" height=\"1080\" src=\"https:\/\/plasticodyssey.org\/wp-content\/uploads\/2023\/10\/usine-recyclage-santo-domingo.jpg\" class=\"attachment-full size-full\" alt=\"\" srcset=\"https:\/\/plasticodyssey.org\/wp-content\/uploads\/2023\/10\/usine-recyclage-santo-domingo.jpg 1920w, https:\/\/plasticodyssey.org\/wp-content\/uploads\/2023\/10\/usine-recyclage-santo-domingo-300x169.jpg 300w, https:\/\/plasticodyssey.org\/wp-content\/uploads\/2023\/10\/usine-recyclage-santo-domingo-1024x576.jpg 1024w, https:\/\/plasticodyssey.org\/wp-content\/uploads\/2023\/10\/usine-recyclage-santo-domingo-768x432.jpg 768w, https:\/\/plasticodyssey.org\/wp-content\/uploads\/2023\/10\/usine-recyclage-santo-domingo-1536x864.jpg 1536w, https:\/\/plasticodyssey.org\/wp-content\/uploads\/2023\/10\/usine-recyclage-santo-domingo-700x394.jpg 700w, https:\/\/plasticodyssey.org\/wp-content\/uploads\/2023\/10\/usine-recyclage-santo-domingo-539x303.jpg 539w\" sizes=\"auto, (max-width: 1920px) 100vw, 1920px\" \/>\t\t\t\t\t\t<span class=\"aig-gallery-hover\">\n\t\t\t\t\t\t\t\t\t\t\t\t\t<\/span>\n\t\t\t\t\t\t\t\t\t<\/div>\n\t\t\t<\/div>\n\t\t\t\t\t\t\t\t<div class=\"qode-aig-image qode-item-space\">\n\t\t\t\t<div class=\"qode-aig-image-inner\">\n\t\t\t\t\t\t\t\t\t\t\t<img loading=\"lazy\" decoding=\"async\" width=\"1920\" height=\"1080\" src=\"https:\/\/plasticodyssey.org\/wp-content\/uploads\/2023\/10\/conference-presse-santo-domingo.jpg\" class=\"attachment-full size-full\" alt=\"\" srcset=\"https:\/\/plasticodyssey.org\/wp-content\/uploads\/2023\/10\/conference-presse-santo-domingo.jpg 1920w, https:\/\/plasticodyssey.org\/wp-content\/uploads\/2023\/10\/conference-presse-santo-domingo-300x169.jpg 300w, https:\/\/plasticodyssey.org\/wp-content\/uploads\/2023\/10\/conference-presse-santo-domingo-1024x576.jpg 1024w, https:\/\/plasticodyssey.org\/wp-content\/uploads\/2023\/10\/conference-presse-santo-domingo-768x432.jpg 768w, https:\/\/plasticodyssey.org\/wp-content\/uploads\/2023\/10\/conference-presse-santo-domingo-1536x864.jpg 1536w, https:\/\/plasticodyssey.org\/wp-content\/uploads\/2023\/10\/conference-presse-santo-domingo-700x394.jpg 700w, https:\/\/plasticodyssey.org\/wp-content\/uploads\/2023\/10\/conference-presse-santo-domingo-539x303.jpg 539w\" sizes=\"auto, (max-width: 1920px) 100vw, 1920px\" \/>\t\t\t\t\t\t<span class=\"aig-gallery-hover\">\n\t\t\t\t\t\t\t\t\t\t\t\t\t<\/span>\n\t\t\t\t\t\t\t\t\t<\/div>\n\t\t\t<\/div>\n\t\t\t\t\t\t\t\t<div class=\"qode-aig-image qode-item-space\">\n\t\t\t\t<div class=\"qode-aig-image-inner\">\n\t\t\t\t\t\t\t\t\t\t\t<img loading=\"lazy\" decoding=\"async\" width=\"1920\" height=\"1080\" src=\"https:\/\/plasticodyssey.org\/wp-content\/uploads\/2023\/10\/conference-presse-republique-dominicaine.jpg\" class=\"attachment-full size-full\" alt=\"\" srcset=\"https:\/\/plasticodyssey.org\/wp-content\/uploads\/2023\/10\/conference-presse-republique-dominicaine.jpg 1920w, https:\/\/plasticodyssey.org\/wp-content\/uploads\/2023\/10\/conference-presse-republique-dominicaine-300x169.jpg 300w, https:\/\/plasticodyssey.org\/wp-content\/uploads\/2023\/10\/conference-presse-republique-dominicaine-1024x576.jpg 1024w, https:\/\/plasticodyssey.org\/wp-content\/uploads\/2023\/10\/conference-presse-republique-dominicaine-768x432.jpg 768w, https:\/\/plasticodyssey.org\/wp-content\/uploads\/2023\/10\/conference-presse-republique-dominicaine-1536x864.jpg 1536w, https:\/\/plasticodyssey.org\/wp-content\/uploads\/2023\/10\/conference-presse-republique-dominicaine-700x394.jpg 700w, https:\/\/plasticodyssey.org\/wp-content\/uploads\/2023\/10\/conference-presse-republique-dominicaine-539x303.jpg 539w\" sizes=\"auto, (max-width: 1920px) 100vw, 1920px\" \/>\t\t\t\t\t\t<span class=\"aig-gallery-hover\">\n\t\t\t\t\t\t\t\t\t\t\t\t\t<\/span>\n\t\t\t\t\t\t\t\t\t<\/div>\n\t\t\t<\/div>\n\t\t\t\t\t\t\t\t<div class=\"qode-aig-image qode-item-space\">\n\t\t\t\t<div class=\"qode-aig-image-inner\">\n\t\t\t\t\t\t\t\t\t\t\t<img loading=\"lazy\" decoding=\"async\" width=\"1920\" height=\"1080\" src=\"https:\/\/plasticodyssey.org\/wp-content\/uploads\/2023\/10\/formation-recyclage-santo-domingo.jpg.jpg\" class=\"attachment-full size-full\" alt=\"\" srcset=\"https:\/\/plasticodyssey.org\/wp-content\/uploads\/2023\/10\/formation-recyclage-santo-domingo.jpg.jpg 1920w, https:\/\/plasticodyssey.org\/wp-content\/uploads\/2023\/10\/formation-recyclage-santo-domingo.jpg-300x169.jpg 300w, https:\/\/plasticodyssey.org\/wp-content\/uploads\/2023\/10\/formation-recyclage-santo-domingo.jpg-1024x576.jpg 1024w, https:\/\/plasticodyssey.org\/wp-content\/uploads\/2023\/10\/formation-recyclage-santo-domingo.jpg-768x432.jpg 768w, https:\/\/plasticodyssey.org\/wp-content\/uploads\/2023\/10\/formation-recyclage-santo-domingo.jpg-1536x864.jpg 1536w, https:\/\/plasticodyssey.org\/wp-content\/uploads\/2023\/10\/formation-recyclage-santo-domingo.jpg-700x394.jpg 700w, https:\/\/plasticodyssey.org\/wp-content\/uploads\/2023\/10\/formation-recyclage-santo-domingo.jpg-539x303.jpg 539w\" sizes=\"auto, (max-width: 1920px) 100vw, 1920px\" \/>\t\t\t\t\t\t<span class=\"aig-gallery-hover\">\n\t\t\t\t\t\t\t\t\t\t\t\t\t<\/span>\n\t\t\t\t\t\t\t\t\t<\/div>\n\t\t\t<\/div>\n\t\t\t\t\t\t\t\t<div class=\"qode-aig-image qode-item-space\">\n\t\t\t\t<div class=\"qode-aig-image-inner\">\n\t\t\t\t\t\t\t\t\t\t\t<img loading=\"lazy\" decoding=\"async\" width=\"1920\" height=\"1080\" src=\"https:\/\/plasticodyssey.org\/wp-content\/uploads\/2023\/10\/masterclass-recyclage-republique-dominicaine.jpg\" class=\"attachment-full size-full\" alt=\"\" srcset=\"https:\/\/plasticodyssey.org\/wp-content\/uploads\/2023\/10\/masterclass-recyclage-republique-dominicaine.jpg 1920w, https:\/\/plasticodyssey.org\/wp-content\/uploads\/2023\/10\/masterclass-recyclage-republique-dominicaine-300x169.jpg 300w, https:\/\/plasticodyssey.org\/wp-content\/uploads\/2023\/10\/masterclass-recyclage-republique-dominicaine-1024x576.jpg 1024w, https:\/\/plasticodyssey.org\/wp-content\/uploads\/2023\/10\/masterclass-recyclage-republique-dominicaine-768x432.jpg 768w, https:\/\/plasticodyssey.org\/wp-content\/uploads\/2023\/10\/masterclass-recyclage-republique-dominicaine-1536x864.jpg 1536w, https:\/\/plasticodyssey.org\/wp-content\/uploads\/2023\/10\/masterclass-recyclage-republique-dominicaine-700x394.jpg 700w, https:\/\/plasticodyssey.org\/wp-content\/uploads\/2023\/10\/masterclass-recyclage-republique-dominicaine-539x303.jpg 539w\" sizes=\"auto, (max-width: 1920px) 100vw, 1920px\" \/>\t\t\t\t\t\t<span class=\"aig-gallery-hover\">\n\t\t\t\t\t\t\t\t\t\t\t\t\t<\/span>\n\t\t\t\t\t\t\t\t\t<\/div>\n\t\t\t<\/div>\n\t\t\t\t\t\t\t\t<div class=\"qode-aig-image qode-item-space\">\n\t\t\t\t<div class=\"qode-aig-image-inner\">\n\t\t\t\t\t\t\t\t\t\t\t<img loading=\"lazy\" decoding=\"async\" width=\"1920\" height=\"1080\" src=\"https:\/\/plasticodyssey.org\/wp-content\/uploads\/2023\/10\/masterclass-recyclage-santo-domingo.jpg\" class=\"attachment-full size-full\" alt=\"\" srcset=\"https:\/\/plasticodyssey.org\/wp-content\/uploads\/2023\/10\/masterclass-recyclage-santo-domingo.jpg 1920w, https:\/\/plasticodyssey.org\/wp-content\/uploads\/2023\/10\/masterclass-recyclage-santo-domingo-300x169.jpg 300w, https:\/\/plasticodyssey.org\/wp-content\/uploads\/2023\/10\/masterclass-recyclage-santo-domingo-1024x576.jpg 1024w, https:\/\/plasticodyssey.org\/wp-content\/uploads\/2023\/10\/masterclass-recyclage-santo-domingo-768x432.jpg 768w, https:\/\/plasticodyssey.org\/wp-content\/uploads\/2023\/10\/masterclass-recyclage-santo-domingo-1536x864.jpg 1536w, https:\/\/plasticodyssey.org\/wp-content\/uploads\/2023\/10\/masterclass-recyclage-santo-domingo-700x394.jpg 700w, https:\/\/plasticodyssey.org\/wp-content\/uploads\/2023\/10\/masterclass-recyclage-santo-domingo-539x303.jpg 539w\" sizes=\"auto, (max-width: 1920px) 100vw, 1920px\" \/>\t\t\t\t\t\t<span class=\"aig-gallery-hover\">\n\t\t\t\t\t\t\t\t\t\t\t\t\t<\/span>\n\t\t\t\t\t\t\t\t\t<\/div>\n\t\t\t<\/div>\n\t\t\t\t\t\t\t\t<div class=\"qode-aig-image qode-item-space\">\n\t\t\t\t<div class=\"qode-aig-image-inner\">\n\t\t\t\t\t\t\t\t\t\t\t<img loading=\"lazy\" decoding=\"async\" width=\"1920\" height=\"1080\" src=\"https:\/\/plasticodyssey.org\/wp-content\/uploads\/2023\/10\/formation-entrepreneur-saint-domingue.jpg\" class=\"attachment-full size-full\" alt=\"\" srcset=\"https:\/\/plasticodyssey.org\/wp-content\/uploads\/2023\/10\/formation-entrepreneur-saint-domingue.jpg 1920w, https:\/\/plasticodyssey.org\/wp-content\/uploads\/2023\/10\/formation-entrepreneur-saint-domingue-300x169.jpg 300w, https:\/\/plasticodyssey.org\/wp-content\/uploads\/2023\/10\/formation-entrepreneur-saint-domingue-1024x576.jpg 1024w, https:\/\/plasticodyssey.org\/wp-content\/uploads\/2023\/10\/formation-entrepreneur-saint-domingue-768x432.jpg 768w, https:\/\/plasticodyssey.org\/wp-content\/uploads\/2023\/10\/formation-entrepreneur-saint-domingue-1536x864.jpg 1536w, https:\/\/plasticodyssey.org\/wp-content\/uploads\/2023\/10\/formation-entrepreneur-saint-domingue-700x394.jpg 700w, https:\/\/plasticodyssey.org\/wp-content\/uploads\/2023\/10\/formation-entrepreneur-saint-domingue-539x303.jpg 539w\" sizes=\"auto, (max-width: 1920px) 100vw, 1920px\" \/>\t\t\t\t\t\t<span class=\"aig-gallery-hover\">\n\t\t\t\t\t\t\t\t\t\t\t\t\t<\/span>\n\t\t\t\t\t\t\t\t\t<\/div>\n\t\t\t<\/div>\n\t\t\t\t\t\t\t\t<div class=\"qode-aig-image qode-item-space\">\n\t\t\t\t<div class=\"qode-aig-image-inner\">\n\t\t\t\t\t\t\t\t\t\t\t<img loading=\"lazy\" decoding=\"async\" width=\"1920\" height=\"1080\" src=\"https:\/\/plasticodyssey.org\/wp-content\/uploads\/2023\/10\/atelier-recyclage-santo-domingo.jpg\" class=\"attachment-full size-full\" alt=\"\" srcset=\"https:\/\/plasticodyssey.org\/wp-content\/uploads\/2023\/10\/atelier-recyclage-santo-domingo.jpg 1920w, https:\/\/plasticodyssey.org\/wp-content\/uploads\/2023\/10\/atelier-recyclage-santo-domingo-300x169.jpg 300w, https:\/\/plasticodyssey.org\/wp-content\/uploads\/2023\/10\/atelier-recyclage-santo-domingo-1024x576.jpg 1024w, https:\/\/plasticodyssey.org\/wp-content\/uploads\/2023\/10\/atelier-recyclage-santo-domingo-768x432.jpg 768w, https:\/\/plasticodyssey.org\/wp-content\/uploads\/2023\/10\/atelier-recyclage-santo-domingo-1536x864.jpg 1536w, https:\/\/plasticodyssey.org\/wp-content\/uploads\/2023\/10\/atelier-recyclage-santo-domingo-700x394.jpg 700w, https:\/\/plasticodyssey.org\/wp-content\/uploads\/2023\/10\/atelier-recyclage-santo-domingo-539x303.jpg 539w\" sizes=\"auto, (max-width: 1920px) 100vw, 1920px\" \/>\t\t\t\t\t\t<span class=\"aig-gallery-hover\">\n\t\t\t\t\t\t\t\t\t\t\t\t\t<\/span>\n\t\t\t\t\t\t\t\t\t<\/div>\n\t\t\t<\/div>\n\t\t\t\t\t\t\t\t<div class=\"qode-aig-image qode-item-space\">\n\t\t\t\t<div class=\"qode-aig-image-inner\">\n\t\t\t\t\t\t\t\t\t\t\t<img loading=\"lazy\" decoding=\"async\" width=\"1920\" height=\"1080\" src=\"https:\/\/plasticodyssey.org\/wp-content\/uploads\/2023\/10\/exposition-plastique-santo-domingo.jpg\" class=\"attachment-full size-full\" alt=\"\" srcset=\"https:\/\/plasticodyssey.org\/wp-content\/uploads\/2023\/10\/exposition-plastique-santo-domingo.jpg 1920w, https:\/\/plasticodyssey.org\/wp-content\/uploads\/2023\/10\/exposition-plastique-santo-domingo-300x169.jpg 300w, https:\/\/plasticodyssey.org\/wp-content\/uploads\/2023\/10\/exposition-plastique-santo-domingo-1024x576.jpg 1024w, https:\/\/plasticodyssey.org\/wp-content\/uploads\/2023\/10\/exposition-plastique-santo-domingo-768x432.jpg 768w, https:\/\/plasticodyssey.org\/wp-content\/uploads\/2023\/10\/exposition-plastique-santo-domingo-1536x864.jpg 1536w, https:\/\/plasticodyssey.org\/wp-content\/uploads\/2023\/10\/exposition-plastique-santo-domingo-700x394.jpg 700w, https:\/\/plasticodyssey.org\/wp-content\/uploads\/2023\/10\/exposition-plastique-santo-domingo-539x303.jpg 539w\" sizes=\"auto, (max-width: 1920px) 100vw, 1920px\" \/>\t\t\t\t\t\t<span class=\"aig-gallery-hover\">\n\t\t\t\t\t\t\t\t\t\t\t\t\t<\/span>\n\t\t\t\t\t\t\t\t\t<\/div>\n\t\t\t<\/div>\n\t\t\t\t\t\t\t\t<div class=\"qode-aig-image qode-item-space\">\n\t\t\t\t<div class=\"qode-aig-image-inner\">\n\t\t\t\t\t\t\t\t\t\t\t<img loading=\"lazy\" decoding=\"async\" width=\"1920\" height=\"1080\" src=\"https:\/\/plasticodyssey.org\/wp-content\/uploads\/2023\/10\/manger-autrement-exposition-saint-domingue.jpg\" class=\"attachment-full size-full\" alt=\"\" srcset=\"https:\/\/plasticodyssey.org\/wp-content\/uploads\/2023\/10\/manger-autrement-exposition-saint-domingue.jpg 1920w, https:\/\/plasticodyssey.org\/wp-content\/uploads\/2023\/10\/manger-autrement-exposition-saint-domingue-300x169.jpg 300w, https:\/\/plasticodyssey.org\/wp-content\/uploads\/2023\/10\/manger-autrement-exposition-saint-domingue-1024x576.jpg 1024w, https:\/\/plasticodyssey.org\/wp-content\/uploads\/2023\/10\/manger-autrement-exposition-saint-domingue-768x432.jpg 768w, https:\/\/plasticodyssey.org\/wp-content\/uploads\/2023\/10\/manger-autrement-exposition-saint-domingue-1536x864.jpg 1536w, https:\/\/plasticodyssey.org\/wp-content\/uploads\/2023\/10\/manger-autrement-exposition-saint-domingue-700x394.jpg 700w, https:\/\/plasticodyssey.org\/wp-content\/uploads\/2023\/10\/manger-autrement-exposition-saint-domingue-539x303.jpg 539w\" sizes=\"auto, (max-width: 1920px) 100vw, 1920px\" \/>\t\t\t\t\t\t<span class=\"aig-gallery-hover\">\n\t\t\t\t\t\t\t\t\t\t\t\t\t<\/span>\n\t\t\t\t\t\t\t\t\t<\/div>\n\t\t\t<\/div>\n\t\t\t\t\t\t\t\t<div class=\"qode-aig-image qode-item-space\">\n\t\t\t\t<div class=\"qode-aig-image-inner\">\n\t\t\t\t\t\t\t\t\t\t\t<img loading=\"lazy\" decoding=\"async\" width=\"1920\" height=\"1080\" src=\"https:\/\/plasticodyssey.org\/wp-content\/uploads\/2023\/10\/alternative-plastique-santo-domingo.jpg\" class=\"attachment-full size-full\" alt=\"\" srcset=\"https:\/\/plasticodyssey.org\/wp-content\/uploads\/2023\/10\/alternative-plastique-santo-domingo.jpg 1920w, https:\/\/plasticodyssey.org\/wp-content\/uploads\/2023\/10\/alternative-plastique-santo-domingo-300x169.jpg 300w, https:\/\/plasticodyssey.org\/wp-content\/uploads\/2023\/10\/alternative-plastique-santo-domingo-1024x576.jpg 1024w, https:\/\/plasticodyssey.org\/wp-content\/uploads\/2023\/10\/alternative-plastique-santo-domingo-768x432.jpg 768w, https:\/\/plasticodyssey.org\/wp-content\/uploads\/2023\/10\/alternative-plastique-santo-domingo-1536x864.jpg 1536w, https:\/\/plasticodyssey.org\/wp-content\/uploads\/2023\/10\/alternative-plastique-santo-domingo-700x394.jpg 700w, https:\/\/plasticodyssey.org\/wp-content\/uploads\/2023\/10\/alternative-plastique-santo-domingo-539x303.jpg 539w\" sizes=\"auto, (max-width: 1920px) 100vw, 1920px\" \/>\t\t\t\t\t\t<span class=\"aig-gallery-hover\">\n\t\t\t\t\t\t\t\t\t\t\t\t\t<\/span>\n\t\t\t\t\t\t\t\t\t<\/div>\n\t\t\t<\/div>\n\t\t\t\t\t\t<\/div>\n<\/div>[\/vc_column][\/vc_row][vc_row css_animation=\u00bb\u00bb row_type=\u00bbrow\u00bb use_row_as_full_screen_section=\u00bbno\u00bb type=\u00bbgrid\u00bb angled_section=\u00bbno\u00bb text_align=\u00bbleft\u00bb background_image_as_pattern=\u00bbwithout_pattern\u00bb z_index=\u00bb\u00bb el_class=\u00bbpt5 pb4&#8243;][vc_column width=\u00bb2\/3&#8243; offset=\u00bbvc_col-lg-offset-2&#8243; el_class=\u00bbalign_center tablet_fullwidth\u00bb][vc_column_text]<\/p>\n<h2>Todo lo que saber sobre el Expedici\u00f3n<\/h2>\n<p>El Plastic Odyssey, barco embajador en la lucha contra la contaminaci\u00f3n por pl\u00e1sticos en los oc\u00e9anos, navega alrededor del mundo para descubrir, referenciar y compartir soluciones concretas. Una expedici\u00f3n de tres a\u00f1os por tres continentes a los pa\u00edses m\u00e1s afectados por la contaminaci\u00f3n pl\u00e1stica.[\/vc_column_text]<a  itemprop=\"url\" href=\"\/es\/expedicion\/\" target=\"_self\"  class=\"qbutton  default cta_white_bg_2\" style=\"\">Descubrir la expedici\u00f3n<\/a>[\/vc_column][vc_column el_class=\u00bbmt2&#8243;][vc_single_image image=\u00bb30356&#8243; qode_css_animation=\u00bb\u00bb][\/vc_column][\/vc_row][vc_row css_animation=\u00bb\u00bb row_type=\u00bbrow\u00bb use_row_as_full_screen_section=\u00bbno\u00bb type=\u00bbfull_width\u00bb angled_section=\u00bbno\u00bb text_align=\u00bbleft\u00bb background_image_as_pattern=\u00bbwithout_pattern\u00bb z_index=\u00bb\u00bb background_color=\u00bb#ffffff\u00bb el_class=\u00bbmt1&#8243;][vc_column width=\u00bb1\/3&#8243; css=\u00bb.vc_custom_1696425756186{background-image: url(https:\/\/plasticodyssey.org\/wp-content\/uploads\/2023\/06\/martinique-les-anses.jpg?id=29860) !important;background-position: center !important;background-repeat: no-repeat !important;background-size: cover !important;}\u00bb el_class=\u00bbsk_box_img_full sk_col2&#8243;][vc_column_text el_class=\u00bbsk_box_img_full_align\u00bb]<\/p>\n<h2><strong>Pasada escala<\/strong><\/h2>\n<p><a class=\"qbutton default sk_cta_border\" href=\"\/es\/expedicion\/escalas\/martinica\/\" target=\"_self\" rel=\"noopener\">Martinica<\/a>[\/vc_column_text][\/vc_column][vc_column width=\u00bb1\/3&#8243; css=\u00bb.vc_custom_1678875212811{background-image: url(https:\/\/plasticodyssey.org\/wp-content\/uploads\/2023\/03\/navire-recherche-pollution-plastique.jpg?id=24096) !important;background-position: center !important;background-repeat: no-repeat !important;background-size: cover !important;}\u00bb el_class=\u00bbsk_box_img_full sk_col2&#8243;][vc_column_text el_class=\u00bbsk_box_img_full_align\u00bb]<\/p>\n<h2><strong>Todas las escalas<\/strong><\/h2>\n<p><a class=\"qbutton default sk_cta_border\" href=\"\/es\/expedicion\/escalas\/\" rel=\"noopener\">Volver a escalas<\/a>[\/vc_column_text][\/vc_column][vc_column width=\u00bb1\/3&#8243; css=\u00bb.vc_custom_1700057871995{background-image: url(https:\/\/plasticodyssey.org\/wp-content\/uploads\/2023\/11\/bodega-colombie.jpg?id=39252) !important;background-position: center !important;background-repeat: no-repeat !important;background-size: cover !important;}\u00bb el_class=\u00bbsk_box_img_full sk_col3&#8243;][vc_column_text el_class=\u00bbsk_box_img_full_align\u00bb]<\/p>\n<h2><strong>Pr\u00f3xima escala<\/strong><\/h2>\n<p><a class=\"qbutton default sk_cta_border\" href=\"\/es\/expedicion\/escalas\/colombia\/\" target=\"_self\" rel=\"noopener\">Colombia<\/a>[\/vc_column_text][\/vc_column][\/vc_row]<\/p>\n<\/div>","protected":false},"excerpt":{"rendered":"<p>[vc_row css_animation=\u00bb\u00bb row_type=\u00bbrow\u00bb use_row_as_full_screen_section=\u00bbno\u00bb type=\u00bbgrid\u00bb angled_section=\u00bbno\u00bb text_align=\u00bbleft\u00bb background_image_as_pattern=\u00bbwithout_pattern\u00bb z_index=\u00bb\u00bb background_image=\u00bb37287&#8243; el_class=\u00bbsk_headpage_escales sk_passe_tag_headpage sk_bg_bottom\u00bb][vc_column][vc_column_text el_class=\u00bbwhite\u00bb] Escala en la Rep\u00fablica Dominicana \ud83c\udde9\ud83c\uddf4 Escala 12 Santo Domingo Del 21 de agosto al 22 de septiembre de 2023 [\/vc_column_text][\/vc_column][\/vc_row][vc_row&#8230;<\/p>\n","protected":false},"author":3,"featured_media":37289,"parent":32903,"menu_order":12,"comment_status":"closed","ping_status":"closed","template":"full_width.php","meta":{"footnotes":""},"class_list":["post-33259","page","type-page","status-publish","has-post-thumbnail","hentry"],"yoast_head":"<!-- This site is optimized with the Yoast SEO plugin v25.5 - https:\/\/yoast.com\/wordpress\/plugins\/seo\/ -->\n<title>Escala en la Rep\u00fablica Dominicana | Plastic Odyssey<\/title>\n<meta name=\"description\" content=\"El Plastic Odyssey hizo escala en la Rep\u00fablica Dominicana en septiembre de 2023. He aqu\u00ed una retrospectiva a esta escala para descubrir el sistema de gesti\u00f3n de residuos y las alternativas al pl\u00e1stico en la Rep\u00fablica Dominicana.\" \/>\n<meta name=\"robots\" content=\"index, follow, max-snippet:-1, max-image-preview:large, max-video-preview:-1\" \/>\n<link rel=\"canonical\" href=\"https:\/\/plasticodyssey.org\/es\/expedicion\/escalas\/republica-dominicana\/\" \/>\n<meta property=\"og:locale\" content=\"es_ES\" \/>\n<meta property=\"og:type\" content=\"article\" \/>\n<meta property=\"og:title\" content=\"Escala en la Rep\u00fablica Dominicana | Plastic Odyssey\" \/>\n<meta property=\"og:description\" content=\"El Plastic Odyssey hizo escala en la Rep\u00fablica Dominicana en septiembre de 2023. He aqu\u00ed una retrospectiva a esta escala para descubrir el sistema de gesti\u00f3n de residuos y las alternativas al pl\u00e1stico en la Rep\u00fablica Dominicana.\" \/>\n<meta property=\"og:url\" content=\"https:\/\/plasticodyssey.org\/es\/expedicion\/escalas\/republica-dominicana\/\" \/>\n<meta property=\"og:site_name\" content=\"Plastic Odyssey\" \/>\n<meta property=\"article:publisher\" content=\"https:\/\/www.facebook.com\/plasticodyssey\/\" \/>\n<meta property=\"article:modified_time\" content=\"2024-06-24T09:09:38+00:00\" \/>\n<meta property=\"og:image\" content=\"https:\/\/plasticodyssey.org\/wp-content\/uploads\/2023\/10\/enfants-dechets-plastiques-republique-dominicaine.jpg\" \/>\n\t<meta property=\"og:image:width\" content=\"1920\" \/>\n\t<meta property=\"og:image:height\" content=\"1080\" \/>\n\t<meta property=\"og:image:type\" content=\"image\/jpeg\" \/>\n<meta name=\"twitter:card\" content=\"summary_large_image\" \/>\n<meta name=\"twitter:site\" content=\"@plasticodyssey\" \/>\n<meta name=\"twitter:label1\" content=\"Tiempo de lectura\" \/>\n\t<meta name=\"twitter:data1\" content=\"7 minutos\" \/>\n<script type=\"application\/ld+json\" class=\"yoast-schema-graph\">{\"@context\":\"https:\/\/schema.org\",\"@graph\":[{\"@type\":\"WebPage\",\"@id\":\"https:\/\/plasticodyssey.org\/es\/expedicion\/escalas\/republica-dominicana\/\",\"url\":\"https:\/\/plasticodyssey.org\/es\/expedicion\/escalas\/republica-dominicana\/\",\"name\":\"Escala en la Rep\u00fablica Dominicana | Plastic Odyssey\",\"isPartOf\":{\"@id\":\"https:\/\/plasticodyssey.org\/es\/#website\"},\"primaryImageOfPage\":{\"@id\":\"https:\/\/plasticodyssey.org\/es\/expedicion\/escalas\/republica-dominicana\/#primaryimage\"},\"image\":{\"@id\":\"https:\/\/plasticodyssey.org\/es\/expedicion\/escalas\/republica-dominicana\/#primaryimage\"},\"thumbnailUrl\":\"https:\/\/plasticodyssey.org\/wp-content\/uploads\/2023\/10\/enfants-dechets-plastiques-republique-dominicaine.jpg\",\"datePublished\":\"2023-06-20T09:07:19+00:00\",\"dateModified\":\"2024-06-24T09:09:38+00:00\",\"description\":\"El Plastic Odyssey hizo escala en la Rep\u00fablica Dominicana en septiembre de 2023. He aqu\u00ed una retrospectiva a esta escala para descubrir el sistema de gesti\u00f3n de residuos y las alternativas al pl\u00e1stico en la Rep\u00fablica Dominicana.\",\"breadcrumb\":{\"@id\":\"https:\/\/plasticodyssey.org\/es\/expedicion\/escalas\/republica-dominicana\/#breadcrumb\"},\"inLanguage\":\"es\",\"potentialAction\":[{\"@type\":\"ReadAction\",\"target\":[\"https:\/\/plasticodyssey.org\/es\/expedicion\/escalas\/republica-dominicana\/\"]}]},{\"@type\":\"ImageObject\",\"inLanguage\":\"es\",\"@id\":\"https:\/\/plasticodyssey.org\/es\/expedicion\/escalas\/republica-dominicana\/#primaryimage\",\"url\":\"https:\/\/plasticodyssey.org\/wp-content\/uploads\/2023\/10\/enfants-dechets-plastiques-republique-dominicaine.jpg\",\"contentUrl\":\"https:\/\/plasticodyssey.org\/wp-content\/uploads\/2023\/10\/enfants-dechets-plastiques-republique-dominicaine.jpg\",\"width\":1920,\"height\":1080},{\"@type\":\"BreadcrumbList\",\"@id\":\"https:\/\/plasticodyssey.org\/es\/expedicion\/escalas\/republica-dominicana\/#breadcrumb\",\"itemListElement\":[{\"@type\":\"ListItem\",\"position\":1,\"name\":\"Accueil\",\"item\":\"https:\/\/plasticodyssey.org\/es\/inicio\/\"},{\"@type\":\"ListItem\",\"position\":2,\"name\":\"Expedici\u00f3n\",\"item\":\"https:\/\/plasticodyssey.org\/es\/expedicion\/\"},{\"@type\":\"ListItem\",\"position\":3,\"name\":\"Escalas\",\"item\":\"https:\/\/plasticodyssey.org\/es\/expedicion\/escalas\/\"},{\"@type\":\"ListItem\",\"position\":4,\"name\":\"Rep\u00fablica Dominicana\"}]},{\"@type\":\"WebSite\",\"@id\":\"https:\/\/plasticodyssey.org\/es\/#website\",\"url\":\"https:\/\/plasticodyssey.org\/es\/\",\"name\":\"Plastic Odyssey\",\"description\":\"L&#039;exp\u00e9dition autour du monde contre la pollution plastique\",\"publisher\":{\"@id\":\"https:\/\/plasticodyssey.org\/es\/#organization\"},\"potentialAction\":[{\"@type\":\"SearchAction\",\"target\":{\"@type\":\"EntryPoint\",\"urlTemplate\":\"https:\/\/plasticodyssey.org\/es\/?s={search_term_string}\"},\"query-input\":{\"@type\":\"PropertyValueSpecification\",\"valueRequired\":true,\"valueName\":\"search_term_string\"}}],\"inLanguage\":\"es\"},{\"@type\":\"Organization\",\"@id\":\"https:\/\/plasticodyssey.org\/es\/#organization\",\"name\":\"Plastic Odyssey\",\"url\":\"https:\/\/plasticodyssey.org\/es\/\",\"logo\":{\"@type\":\"ImageObject\",\"inLanguage\":\"es\",\"@id\":\"https:\/\/plasticodyssey.org\/es\/#\/schema\/logo\/image\/\",\"url\":\"https:\/\/plasticodyssey.org\/wp-content\/uploads\/2020\/02\/navire-plastic-odyssey-coucher-soleil.jpg\",\"contentUrl\":\"https:\/\/plasticodyssey.org\/wp-content\/uploads\/2020\/02\/navire-plastic-odyssey-coucher-soleil.jpg\",\"width\":1920,\"height\":1080,\"caption\":\"Plastic Odyssey\"},\"image\":{\"@id\":\"https:\/\/plasticodyssey.org\/es\/#\/schema\/logo\/image\/\"},\"sameAs\":[\"https:\/\/www.facebook.com\/plasticodyssey\/\",\"https:\/\/x.com\/plasticodyssey\",\"https:\/\/www.instagram.com\/plasticodyssey\/\",\"https:\/\/www.linkedin.com\/company\/plastic-odyssey\/\",\"https:\/\/www.youtube.com\/channel\/UC4UNxaIW9ODIuLGJaTrhnow\"]}]}<\/script>\n<!-- \/ Yoast SEO plugin. -->","yoast_head_json":{"title":"Escala en la Rep\u00fablica Dominicana | Plastic Odyssey","description":"El Plastic Odyssey hizo escala en la Rep\u00fablica Dominicana en septiembre de 2023. He aqu\u00ed una retrospectiva a esta escala para descubrir el sistema de gesti\u00f3n de residuos y las alternativas al pl\u00e1stico en la Rep\u00fablica Dominicana.","robots":{"index":"index","follow":"follow","max-snippet":"max-snippet:-1","max-image-preview":"max-image-preview:large","max-video-preview":"max-video-preview:-1"},"canonical":"https:\/\/plasticodyssey.org\/es\/expedicion\/escalas\/republica-dominicana\/","og_locale":"es_ES","og_type":"article","og_title":"Escala en la Rep\u00fablica Dominicana | Plastic Odyssey","og_description":"El Plastic Odyssey hizo escala en la Rep\u00fablica Dominicana en septiembre de 2023. He aqu\u00ed una retrospectiva a esta escala para descubrir el sistema de gesti\u00f3n de residuos y las alternativas al pl\u00e1stico en la Rep\u00fablica Dominicana.","og_url":"https:\/\/plasticodyssey.org\/es\/expedicion\/escalas\/republica-dominicana\/","og_site_name":"Plastic Odyssey","article_publisher":"https:\/\/www.facebook.com\/plasticodyssey\/","article_modified_time":"2024-06-24T09:09:38+00:00","og_image":[{"width":1920,"height":1080,"url":"https:\/\/plasticodyssey.org\/wp-content\/uploads\/2023\/10\/enfants-dechets-plastiques-republique-dominicaine.jpg","type":"image\/jpeg"}],"twitter_card":"summary_large_image","twitter_site":"@plasticodyssey","twitter_misc":{"Tiempo de lectura":"7 minutos"},"schema":{"@context":"https:\/\/schema.org","@graph":[{"@type":"WebPage","@id":"https:\/\/plasticodyssey.org\/es\/expedicion\/escalas\/republica-dominicana\/","url":"https:\/\/plasticodyssey.org\/es\/expedicion\/escalas\/republica-dominicana\/","name":"Escala en la Rep\u00fablica Dominicana | Plastic Odyssey","isPartOf":{"@id":"https:\/\/plasticodyssey.org\/es\/#website"},"primaryImageOfPage":{"@id":"https:\/\/plasticodyssey.org\/es\/expedicion\/escalas\/republica-dominicana\/#primaryimage"},"image":{"@id":"https:\/\/plasticodyssey.org\/es\/expedicion\/escalas\/republica-dominicana\/#primaryimage"},"thumbnailUrl":"https:\/\/plasticodyssey.org\/wp-content\/uploads\/2023\/10\/enfants-dechets-plastiques-republique-dominicaine.jpg","datePublished":"2023-06-20T09:07:19+00:00","dateModified":"2024-06-24T09:09:38+00:00","description":"El Plastic Odyssey hizo escala en la Rep\u00fablica Dominicana en septiembre de 2023. He aqu\u00ed una retrospectiva a esta escala para descubrir el sistema de gesti\u00f3n de residuos y las alternativas al pl\u00e1stico en la Rep\u00fablica Dominicana.","breadcrumb":{"@id":"https:\/\/plasticodyssey.org\/es\/expedicion\/escalas\/republica-dominicana\/#breadcrumb"},"inLanguage":"es","potentialAction":[{"@type":"ReadAction","target":["https:\/\/plasticodyssey.org\/es\/expedicion\/escalas\/republica-dominicana\/"]}]},{"@type":"ImageObject","inLanguage":"es","@id":"https:\/\/plasticodyssey.org\/es\/expedicion\/escalas\/republica-dominicana\/#primaryimage","url":"https:\/\/plasticodyssey.org\/wp-content\/uploads\/2023\/10\/enfants-dechets-plastiques-republique-dominicaine.jpg","contentUrl":"https:\/\/plasticodyssey.org\/wp-content\/uploads\/2023\/10\/enfants-dechets-plastiques-republique-dominicaine.jpg","width":1920,"height":1080},{"@type":"BreadcrumbList","@id":"https:\/\/plasticodyssey.org\/es\/expedicion\/escalas\/republica-dominicana\/#breadcrumb","itemListElement":[{"@type":"ListItem","position":1,"name":"Accueil","item":"https:\/\/plasticodyssey.org\/es\/inicio\/"},{"@type":"ListItem","position":2,"name":"Expedici\u00f3n","item":"https:\/\/plasticodyssey.org\/es\/expedicion\/"},{"@type":"ListItem","position":3,"name":"Escalas","item":"https:\/\/plasticodyssey.org\/es\/expedicion\/escalas\/"},{"@type":"ListItem","position":4,"name":"Rep\u00fablica Dominicana"}]},{"@type":"WebSite","@id":"https:\/\/plasticodyssey.org\/es\/#website","url":"https:\/\/plasticodyssey.org\/es\/","name":"Plastic Odyssey","description":"L&#039;exp\u00e9dition autour du monde contre la pollution plastique","publisher":{"@id":"https:\/\/plasticodyssey.org\/es\/#organization"},"potentialAction":[{"@type":"SearchAction","target":{"@type":"EntryPoint","urlTemplate":"https:\/\/plasticodyssey.org\/es\/?s={search_term_string}"},"query-input":{"@type":"PropertyValueSpecification","valueRequired":true,"valueName":"search_term_string"}}],"inLanguage":"es"},{"@type":"Organization","@id":"https:\/\/plasticodyssey.org\/es\/#organization","name":"Plastic Odyssey","url":"https:\/\/plasticodyssey.org\/es\/","logo":{"@type":"ImageObject","inLanguage":"es","@id":"https:\/\/plasticodyssey.org\/es\/#\/schema\/logo\/image\/","url":"https:\/\/plasticodyssey.org\/wp-content\/uploads\/2020\/02\/navire-plastic-odyssey-coucher-soleil.jpg","contentUrl":"https:\/\/plasticodyssey.org\/wp-content\/uploads\/2020\/02\/navire-plastic-odyssey-coucher-soleil.jpg","width":1920,"height":1080,"caption":"Plastic Odyssey"},"image":{"@id":"https:\/\/plasticodyssey.org\/es\/#\/schema\/logo\/image\/"},"sameAs":["https:\/\/www.facebook.com\/plasticodyssey\/","https:\/\/x.com\/plasticodyssey","https:\/\/www.instagram.com\/plasticodyssey\/","https:\/\/www.linkedin.com\/company\/plastic-odyssey\/","https:\/\/www.youtube.com\/channel\/UC4UNxaIW9ODIuLGJaTrhnow"]}]}},"_links":{"self":[{"href":"https:\/\/plasticodyssey.org\/es\/wp-json\/wp\/v2\/pages\/33259","targetHints":{"allow":["GET"]}}],"collection":[{"href":"https:\/\/plasticodyssey.org\/es\/wp-json\/wp\/v2\/pages"}],"about":[{"href":"https:\/\/plasticodyssey.org\/es\/wp-json\/wp\/v2\/types\/page"}],"author":[{"embeddable":true,"href":"https:\/\/plasticodyssey.org\/es\/wp-json\/wp\/v2\/users\/3"}],"replies":[{"embeddable":true,"href":"https:\/\/plasticodyssey.org\/es\/wp-json\/wp\/v2\/comments?post=33259"}],"version-history":[{"count":159,"href":"https:\/\/plasticodyssey.org\/es\/wp-json\/wp\/v2\/pages\/33259\/revisions"}],"predecessor-version":[{"id":49308,"href":"https:\/\/plasticodyssey.org\/es\/wp-json\/wp\/v2\/pages\/33259\/revisions\/49308"}],"up":[{"embeddable":true,"href":"https:\/\/plasticodyssey.org\/es\/wp-json\/wp\/v2\/pages\/32903"}],"wp:featuredmedia":[{"embeddable":true,"href":"https:\/\/plasticodyssey.org\/es\/wp-json\/wp\/v2\/media\/37289"}],"wp:attachment":[{"href":"https:\/\/plasticodyssey.org\/es\/wp-json\/wp\/v2\/media?parent=33259"}],"curies":[{"name":"wp","href":"https:\/\/api.w.org\/{rel}","templated":true}]}}