{"id":45709,"date":"2024-01-29T12:49:10","date_gmt":"2024-01-29T11:49:10","guid":{"rendered":"https:\/\/plasticodyssey.org\/catalogue-alternatives-plastique\/una-esponja-tejida-con-fibras-de-sisal\/"},"modified":"2024-04-15T16:47:27","modified_gmt":"2024-04-15T14:47:27","slug":"una-esponja-tejida-con-fibras-de-sisal","status":"publish","type":"portfolio_page","link":"https:\/\/plasticodyssey.org\/es\/catalogue-alternatives-plastique\/una-esponja-tejida-con-fibras-de-sisal\/","title":{"rendered":"Una esponja tejida con fibras de sisal"},"content":{"rendered":"<div class=\"wpb-content-wrapper\"><p>[vc_row css_animation=\u00bb\u00bb row_type=\u00bbrow\u00bb use_row_as_full_screen_section=\u00bbno\u00bb type=\u00bbfull_width\u00bb angled_section=\u00bbno\u00bb text_align=\u00bbleft\u00bb background_image_as_pattern=\u00bbwithout_pattern\u00bb][vc_column][vc_column_text]<\/p>\n<h1>Una esponja tejida con fibras de sisal<\/h1>\n<p>En Mindelo (Cabo Verde), Nadira ha abierto una tienda sin pl\u00e1sticos. Aqu\u00ed teje esponjas naturales de sisal, una fibra extra\u00edda de la planta Agave, que crece por todas partes en Cabo Verde. El sisal es muy resistente y se ha utilizado durante mucho tiempo para hacer cuerdas, telas y alfombras. Las esponjas de Nadira est\u00e1n hechas de un solo material: el sisal, sin ning\u00fan aditivo. Por lo tanto, no hay riesgo de contaminar el agua de lavar los platos, a diferencia de las esponjas sint\u00e9ticas.[\/vc_column_text][vc_video link=\u00bbhttps:\/\/youtu.be\/7bBTfQ2TWUc\u00bb el_class=\u00bbmt4&#8243;][\/vc_column][\/vc_row]<\/p>\n<\/div>","protected":false},"excerpt":{"rendered":"<p>[vc_row css_animation=\u00bb\u00bb row_type=\u00bbrow\u00bb use_row_as_full_screen_section=\u00bbno\u00bb type=\u00bbfull_width\u00bb angled_section=\u00bbno\u00bb text_align=\u00bbleft\u00bb background_image_as_pattern=\u00bbwithout_pattern\u00bb][vc_column][vc_column_text] Una esponja tejida con fibras de sisal En Mindelo (Cabo Verde), Nadira ha abierto una tienda sin pl\u00e1sticos. Aqu\u00ed teje esponjas naturales de sisal, una fibra extra\u00edda&#8230;<\/p>\n","protected":false},"author":83,"featured_media":42602,"menu_order":0,"comment_status":"closed","ping_status":"closed","template":"","portfolio_category":[160],"portfolio_tag":[],"class_list":["post-45709","portfolio_page","type-portfolio_page","status-publish","has-post-thumbnail","hentry","portfolio_category-limpiar-sin-plastico"],"yoast_head":"<!-- This site is optimized with the Yoast SEO plugin v25.5 - https:\/\/yoast.com\/wordpress\/plugins\/seo\/ -->\n<title>Una esponja tejida con fibras de sisal | Plastic Odyssey<\/title>\n<meta name=\"description\" content=\"En Mindelo (Cabo Verde), Nadira ha abierto una tienda sin pl\u00e1sticos. Teje esponjas naturales a partir de sisal.\" \/>\n<meta name=\"robots\" content=\"index, follow, max-snippet:-1, max-image-preview:large, max-video-preview:-1\" \/>\n<link rel=\"canonical\" href=\"https:\/\/plasticodyssey.org\/es\/catalogue-alternatives-plastique\/una-esponja-tejida-con-fibras-de-sisal\/\" \/>\n<meta property=\"og:locale\" content=\"es_ES\" \/>\n<meta property=\"og:type\" content=\"article\" \/>\n<meta property=\"og:title\" content=\"Una esponja tejida con fibras de sisal | Plastic Odyssey\" \/>\n<meta property=\"og:description\" content=\"En Mindelo (Cabo Verde), Nadira ha abierto una tienda sin pl\u00e1sticos. Teje esponjas naturales a partir de sisal.\" \/>\n<meta property=\"og:url\" content=\"https:\/\/plasticodyssey.org\/es\/catalogue-alternatives-plastique\/una-esponja-tejida-con-fibras-de-sisal\/\" \/>\n<meta property=\"og:site_name\" content=\"Plastic Odyssey\" \/>\n<meta property=\"article:publisher\" content=\"https:\/\/www.facebook.com\/plasticodyssey\/\" \/>\n<meta property=\"article:modified_time\" content=\"2024-04-15T14:47:27+00:00\" \/>\n<meta property=\"og:image\" content=\"https:\/\/plasticodyssey.org\/wp-content\/uploads\/2024\/01\/eponge-tricotee-fibre-sisal.jpg\" \/>\n\t<meta property=\"og:image:width\" content=\"1920\" \/>\n\t<meta property=\"og:image:height\" content=\"1080\" \/>\n\t<meta property=\"og:image:type\" content=\"image\/jpeg\" \/>\n<meta name=\"twitter:card\" content=\"summary_large_image\" \/>\n<meta name=\"twitter:site\" content=\"@plasticodyssey\" \/>\n<meta name=\"twitter:label1\" content=\"Tiempo de lectura\" \/>\n\t<meta name=\"twitter:data1\" content=\"1 minuto\" \/>\n<script type=\"application\/ld+json\" class=\"yoast-schema-graph\">{\"@context\":\"https:\/\/schema.org\",\"@graph\":[{\"@type\":\"WebPage\",\"@id\":\"https:\/\/plasticodyssey.org\/es\/catalogue-alternatives-plastique\/una-esponja-tejida-con-fibras-de-sisal\/\",\"url\":\"https:\/\/plasticodyssey.org\/es\/catalogue-alternatives-plastique\/una-esponja-tejida-con-fibras-de-sisal\/\",\"name\":\"Una esponja tejida con fibras de sisal | Plastic Odyssey\",\"isPartOf\":{\"@id\":\"https:\/\/plasticodyssey.org\/es\/#website\"},\"primaryImageOfPage\":{\"@id\":\"https:\/\/plasticodyssey.org\/es\/catalogue-alternatives-plastique\/una-esponja-tejida-con-fibras-de-sisal\/#primaryimage\"},\"image\":{\"@id\":\"https:\/\/plasticodyssey.org\/es\/catalogue-alternatives-plastique\/una-esponja-tejida-con-fibras-de-sisal\/#primaryimage\"},\"thumbnailUrl\":\"https:\/\/plasticodyssey.org\/wp-content\/uploads\/2024\/01\/eponge-tricotee-fibre-sisal.jpg\",\"datePublished\":\"2024-01-29T11:49:10+00:00\",\"dateModified\":\"2024-04-15T14:47:27+00:00\",\"description\":\"En Mindelo (Cabo Verde), Nadira ha abierto una tienda sin pl\u00e1sticos. Teje esponjas naturales a partir de sisal.\",\"breadcrumb\":{\"@id\":\"https:\/\/plasticodyssey.org\/es\/catalogue-alternatives-plastique\/una-esponja-tejida-con-fibras-de-sisal\/#breadcrumb\"},\"inLanguage\":\"es\",\"potentialAction\":[{\"@type\":\"ReadAction\",\"target\":[\"https:\/\/plasticodyssey.org\/es\/catalogue-alternatives-plastique\/una-esponja-tejida-con-fibras-de-sisal\/\"]}]},{\"@type\":\"ImageObject\",\"inLanguage\":\"es\",\"@id\":\"https:\/\/plasticodyssey.org\/es\/catalogue-alternatives-plastique\/una-esponja-tejida-con-fibras-de-sisal\/#primaryimage\",\"url\":\"https:\/\/plasticodyssey.org\/wp-content\/uploads\/2024\/01\/eponge-tricotee-fibre-sisal.jpg\",\"contentUrl\":\"https:\/\/plasticodyssey.org\/wp-content\/uploads\/2024\/01\/eponge-tricotee-fibre-sisal.jpg\",\"width\":1920,\"height\":1080},{\"@type\":\"BreadcrumbList\",\"@id\":\"https:\/\/plasticodyssey.org\/es\/catalogue-alternatives-plastique\/una-esponja-tejida-con-fibras-de-sisal\/#breadcrumb\",\"itemListElement\":[{\"@type\":\"ListItem\",\"position\":1,\"name\":\"Accueil\",\"item\":\"https:\/\/plasticodyssey.org\/es\/inicio\/\"},{\"@type\":\"ListItem\",\"position\":2,\"name\":\"Portfolio\",\"item\":\"https:\/\/plasticodyssey.org\/es\/catalogue-alternatives-plastique\/\"},{\"@type\":\"ListItem\",\"position\":3,\"name\":\"Una esponja tejida con fibras de sisal\"}]},{\"@type\":\"WebSite\",\"@id\":\"https:\/\/plasticodyssey.org\/es\/#website\",\"url\":\"https:\/\/plasticodyssey.org\/es\/\",\"name\":\"Plastic Odyssey\",\"description\":\"L&#039;exp\u00e9dition autour du monde contre la pollution plastique\",\"publisher\":{\"@id\":\"https:\/\/plasticodyssey.org\/es\/#organization\"},\"potentialAction\":[{\"@type\":\"SearchAction\",\"target\":{\"@type\":\"EntryPoint\",\"urlTemplate\":\"https:\/\/plasticodyssey.org\/es\/?s={search_term_string}\"},\"query-input\":{\"@type\":\"PropertyValueSpecification\",\"valueRequired\":true,\"valueName\":\"search_term_string\"}}],\"inLanguage\":\"es\"},{\"@type\":\"Organization\",\"@id\":\"https:\/\/plasticodyssey.org\/es\/#organization\",\"name\":\"Plastic Odyssey\",\"url\":\"https:\/\/plasticodyssey.org\/es\/\",\"logo\":{\"@type\":\"ImageObject\",\"inLanguage\":\"es\",\"@id\":\"https:\/\/plasticodyssey.org\/es\/#\/schema\/logo\/image\/\",\"url\":\"https:\/\/plasticodyssey.org\/wp-content\/uploads\/2020\/02\/navire-plastic-odyssey-coucher-soleil.jpg\",\"contentUrl\":\"https:\/\/plasticodyssey.org\/wp-content\/uploads\/2020\/02\/navire-plastic-odyssey-coucher-soleil.jpg\",\"width\":1920,\"height\":1080,\"caption\":\"Plastic Odyssey\"},\"image\":{\"@id\":\"https:\/\/plasticodyssey.org\/es\/#\/schema\/logo\/image\/\"},\"sameAs\":[\"https:\/\/www.facebook.com\/plasticodyssey\/\",\"https:\/\/x.com\/plasticodyssey\",\"https:\/\/www.instagram.com\/plasticodyssey\/\",\"https:\/\/www.linkedin.com\/company\/plastic-odyssey\/\",\"https:\/\/www.youtube.com\/channel\/UC4UNxaIW9ODIuLGJaTrhnow\"]}]}<\/script>\n<!-- \/ Yoast SEO plugin. -->","yoast_head_json":{"title":"Una esponja tejida con fibras de sisal | Plastic Odyssey","description":"En Mindelo (Cabo Verde), Nadira ha abierto una tienda sin pl\u00e1sticos. Teje esponjas naturales a partir de sisal.","robots":{"index":"index","follow":"follow","max-snippet":"max-snippet:-1","max-image-preview":"max-image-preview:large","max-video-preview":"max-video-preview:-1"},"canonical":"https:\/\/plasticodyssey.org\/es\/catalogue-alternatives-plastique\/una-esponja-tejida-con-fibras-de-sisal\/","og_locale":"es_ES","og_type":"article","og_title":"Una esponja tejida con fibras de sisal | Plastic Odyssey","og_description":"En Mindelo (Cabo Verde), Nadira ha abierto una tienda sin pl\u00e1sticos. Teje esponjas naturales a partir de sisal.","og_url":"https:\/\/plasticodyssey.org\/es\/catalogue-alternatives-plastique\/una-esponja-tejida-con-fibras-de-sisal\/","og_site_name":"Plastic Odyssey","article_publisher":"https:\/\/www.facebook.com\/plasticodyssey\/","article_modified_time":"2024-04-15T14:47:27+00:00","og_image":[{"width":1920,"height":1080,"url":"https:\/\/plasticodyssey.org\/wp-content\/uploads\/2024\/01\/eponge-tricotee-fibre-sisal.jpg","type":"image\/jpeg"}],"twitter_card":"summary_large_image","twitter_site":"@plasticodyssey","twitter_misc":{"Tiempo de lectura":"1 minuto"},"schema":{"@context":"https:\/\/schema.org","@graph":[{"@type":"WebPage","@id":"https:\/\/plasticodyssey.org\/es\/catalogue-alternatives-plastique\/una-esponja-tejida-con-fibras-de-sisal\/","url":"https:\/\/plasticodyssey.org\/es\/catalogue-alternatives-plastique\/una-esponja-tejida-con-fibras-de-sisal\/","name":"Una esponja tejida con fibras de sisal | Plastic Odyssey","isPartOf":{"@id":"https:\/\/plasticodyssey.org\/es\/#website"},"primaryImageOfPage":{"@id":"https:\/\/plasticodyssey.org\/es\/catalogue-alternatives-plastique\/una-esponja-tejida-con-fibras-de-sisal\/#primaryimage"},"image":{"@id":"https:\/\/plasticodyssey.org\/es\/catalogue-alternatives-plastique\/una-esponja-tejida-con-fibras-de-sisal\/#primaryimage"},"thumbnailUrl":"https:\/\/plasticodyssey.org\/wp-content\/uploads\/2024\/01\/eponge-tricotee-fibre-sisal.jpg","datePublished":"2024-01-29T11:49:10+00:00","dateModified":"2024-04-15T14:47:27+00:00","description":"En Mindelo (Cabo Verde), Nadira ha abierto una tienda sin pl\u00e1sticos. Teje esponjas naturales a partir de sisal.","breadcrumb":{"@id":"https:\/\/plasticodyssey.org\/es\/catalogue-alternatives-plastique\/una-esponja-tejida-con-fibras-de-sisal\/#breadcrumb"},"inLanguage":"es","potentialAction":[{"@type":"ReadAction","target":["https:\/\/plasticodyssey.org\/es\/catalogue-alternatives-plastique\/una-esponja-tejida-con-fibras-de-sisal\/"]}]},{"@type":"ImageObject","inLanguage":"es","@id":"https:\/\/plasticodyssey.org\/es\/catalogue-alternatives-plastique\/una-esponja-tejida-con-fibras-de-sisal\/#primaryimage","url":"https:\/\/plasticodyssey.org\/wp-content\/uploads\/2024\/01\/eponge-tricotee-fibre-sisal.jpg","contentUrl":"https:\/\/plasticodyssey.org\/wp-content\/uploads\/2024\/01\/eponge-tricotee-fibre-sisal.jpg","width":1920,"height":1080},{"@type":"BreadcrumbList","@id":"https:\/\/plasticodyssey.org\/es\/catalogue-alternatives-plastique\/una-esponja-tejida-con-fibras-de-sisal\/#breadcrumb","itemListElement":[{"@type":"ListItem","position":1,"name":"Accueil","item":"https:\/\/plasticodyssey.org\/es\/inicio\/"},{"@type":"ListItem","position":2,"name":"Portfolio","item":"https:\/\/plasticodyssey.org\/es\/catalogue-alternatives-plastique\/"},{"@type":"ListItem","position":3,"name":"Una esponja tejida con fibras de sisal"}]},{"@type":"WebSite","@id":"https:\/\/plasticodyssey.org\/es\/#website","url":"https:\/\/plasticodyssey.org\/es\/","name":"Plastic Odyssey","description":"L&#039;exp\u00e9dition autour du monde contre la pollution plastique","publisher":{"@id":"https:\/\/plasticodyssey.org\/es\/#organization"},"potentialAction":[{"@type":"SearchAction","target":{"@type":"EntryPoint","urlTemplate":"https:\/\/plasticodyssey.org\/es\/?s={search_term_string}"},"query-input":{"@type":"PropertyValueSpecification","valueRequired":true,"valueName":"search_term_string"}}],"inLanguage":"es"},{"@type":"Organization","@id":"https:\/\/plasticodyssey.org\/es\/#organization","name":"Plastic Odyssey","url":"https:\/\/plasticodyssey.org\/es\/","logo":{"@type":"ImageObject","inLanguage":"es","@id":"https:\/\/plasticodyssey.org\/es\/#\/schema\/logo\/image\/","url":"https:\/\/plasticodyssey.org\/wp-content\/uploads\/2020\/02\/navire-plastic-odyssey-coucher-soleil.jpg","contentUrl":"https:\/\/plasticodyssey.org\/wp-content\/uploads\/2020\/02\/navire-plastic-odyssey-coucher-soleil.jpg","width":1920,"height":1080,"caption":"Plastic Odyssey"},"image":{"@id":"https:\/\/plasticodyssey.org\/es\/#\/schema\/logo\/image\/"},"sameAs":["https:\/\/www.facebook.com\/plasticodyssey\/","https:\/\/x.com\/plasticodyssey","https:\/\/www.instagram.com\/plasticodyssey\/","https:\/\/www.linkedin.com\/company\/plastic-odyssey\/","https:\/\/www.youtube.com\/channel\/UC4UNxaIW9ODIuLGJaTrhnow"]}]}},"_links":{"self":[{"href":"https:\/\/plasticodyssey.org\/es\/wp-json\/wp\/v2\/portfolio_page\/45709","targetHints":{"allow":["GET"]}}],"collection":[{"href":"https:\/\/plasticodyssey.org\/es\/wp-json\/wp\/v2\/portfolio_page"}],"about":[{"href":"https:\/\/plasticodyssey.org\/es\/wp-json\/wp\/v2\/types\/portfolio_page"}],"author":[{"embeddable":true,"href":"https:\/\/plasticodyssey.org\/es\/wp-json\/wp\/v2\/users\/83"}],"replies":[{"embeddable":true,"href":"https:\/\/plasticodyssey.org\/es\/wp-json\/wp\/v2\/comments?post=45709"}],"wp:featuredmedia":[{"embeddable":true,"href":"https:\/\/plasticodyssey.org\/es\/wp-json\/wp\/v2\/media\/42602"}],"wp:attachment":[{"href":"https:\/\/plasticodyssey.org\/es\/wp-json\/wp\/v2\/media?parent=45709"}],"wp:term":[{"taxonomy":"portfolio_category","embeddable":true,"href":"https:\/\/plasticodyssey.org\/es\/wp-json\/wp\/v2\/portfolio_category?post=45709"},{"taxonomy":"portfolio_tag","embeddable":true,"href":"https:\/\/plasticodyssey.org\/es\/wp-json\/wp\/v2\/portfolio_tag?post=45709"}],"curies":[{"name":"wp","href":"https:\/\/api.w.org\/{rel}","templated":true}]}}